{"id":15764,"date":"2020-03-02T10:07:38","date_gmt":"2020-03-02T09:07:38","guid":{"rendered":"https:\/\/beta.assugrin.ch\/rezepte\/salade-de-fenouil-a-lorange\/"},"modified":"2020-03-02T09:54:32","modified_gmt":"2020-03-02T08:54:32","slug":"salade-de-fenouil-a-lorange","status":"publish","type":"recipes","link":"https:\/\/www.assugrin.ch\/fr\/recettes\/salade-de-fenouil-a-lorange\/","title":{"rendered":"Salade de fenouil \u00e0 l&#8217;orange"},"content":{"rendered":"","protected":false},"excerpt":{"rendered":"","protected":false},"featured_media":15763,"template":"","meta":{"_acf_changed":false,"inline_featured_image":false,"kia_subtitle":"","footnotes":""},"tags":[],"class_list":["post-15764","recipes","type-recipes","status-publish","has-post-thumbnail","hentry","categories-salades","season-printemps","season-toute-l-annee","recipe-product-assugrin-liquide","preparation_time-0-30-min-fr"],"acf":[],"yoast_head":"<!-- This site is optimized with the Yoast SEO Premium plugin v24.2 (Yoast SEO v27.5) - https:\/\/yoast.com\/product\/yoast-seo-premium-wordpress\/ -->\n<title>Salade de fenouil \u00e0 l&#039;orange | ASSUGRIN<\/title>\n<meta name=\"description\" content=\"Cette salade de fenouil \u00e0 l&#039;orange v\u00e9g\u00e9talienne est le rem\u00e8de id\u00e9al contre le blues hivernal. Ses ar\u00f4mes gorg\u00e9s de soleil donnent de la couleur m\u00eame aux jours les plus gris.\" \/>\n<meta name=\"robots\" content=\"index, follow, max-snippet:-1, max-image-preview:large, max-video-preview:-1\" \/>\n<link rel=\"canonical\" href=\"https:\/\/www.assugrin.ch\/fr\/recettes\/salade-de-fenouil-a-lorange\/\" \/>\n<meta property=\"og:locale\" content=\"fr_FR\" \/>\n<meta property=\"og:type\" content=\"article\" \/>\n<meta property=\"og:title\" content=\"Salade de fenouil \u00e0 l&#039;orange\" \/>\n<meta property=\"og:description\" content=\"Cette salade de fenouil \u00e0 l&#039;orange v\u00e9g\u00e9talienne est le rem\u00e8de id\u00e9al contre le blues hivernal. Ses ar\u00f4mes gorg\u00e9s de soleil donnent de la couleur m\u00eame aux jours les plus gris.\" \/>\n<meta property=\"og:url\" content=\"https:\/\/www.assugrin.ch\/fr\/recettes\/salade-de-fenouil-a-lorange\/\" \/>\n<meta property=\"og:site_name\" content=\"ASSUGRIN\" \/>\n<meta property=\"article:publisher\" content=\"https:\/\/www.facebook.com\/ASSUGRIN.ch\/\" \/>\n<meta property=\"og:image\" content=\"https:\/\/www.assugrin.ch\/wp-content\/uploads\/2023\/06\/203_2-fenchel-orangen-salat_ok_ch-4.jpg\" \/>\n<meta name=\"twitter:card\" content=\"summary_large_image\" \/>\n<meta name=\"twitter:image\" content=\"https:\/\/www.assugrin.ch\/wp-content\/uploads\/2023\/06\/203_2-fenchel-orangen-salat_ok_ch-4.jpg\" \/>\n<script type=\"application\/ld+json\" class=\"yoast-schema-graph\">{\"@context\":\"https:\\\/\\\/schema.org\",\"@graph\":[{\"@type\":\"WebPage\",\"@id\":\"https:\\\/\\\/www.assugrin.ch\\\/fr\\\/recettes\\\/salade-de-fenouil-a-lorange\\\/\",\"url\":\"https:\\\/\\\/www.assugrin.ch\\\/fr\\\/recettes\\\/salade-de-fenouil-a-lorange\\\/\",\"name\":\"Salade de fenouil \u00e0 l'orange | ASSUGRIN\",\"isPartOf\":{\"@id\":\"https:\\\/\\\/www.assugrin.ch\\\/fr\\\/#website\"},\"primaryImageOfPage\":{\"@id\":\"https:\\\/\\\/www.assugrin.ch\\\/fr\\\/recettes\\\/salade-de-fenouil-a-lorange\\\/#primaryimage\"},\"image\":{\"@id\":\"https:\\\/\\\/www.assugrin.ch\\\/fr\\\/recettes\\\/salade-de-fenouil-a-lorange\\\/#primaryimage\"},\"thumbnailUrl\":\"https:\\\/\\\/www.assugrin.ch\\\/wp-content\\\/uploads\\\/2023\\\/06\\\/203_2-fenchel-orangen-salat_ok_ch-4.jpg\",\"datePublished\":\"2020-03-02T09:07:38+00:00\",\"description\":\"Cette salade de fenouil \u00e0 l'orange v\u00e9g\u00e9talienne est le rem\u00e8de id\u00e9al contre le blues hivernal. Ses ar\u00f4mes gorg\u00e9s de soleil donnent de la couleur m\u00eame aux jours les plus gris.\",\"breadcrumb\":{\"@id\":\"https:\\\/\\\/www.assugrin.ch\\\/fr\\\/recettes\\\/salade-de-fenouil-a-lorange\\\/#breadcrumb\"},\"inLanguage\":\"fr-FR\",\"potentialAction\":[{\"@type\":\"ReadAction\",\"target\":[\"https:\\\/\\\/www.assugrin.ch\\\/fr\\\/recettes\\\/salade-de-fenouil-a-lorange\\\/\"]}]},{\"@type\":\"ImageObject\",\"inLanguage\":\"fr-FR\",\"@id\":\"https:\\\/\\\/www.assugrin.ch\\\/fr\\\/recettes\\\/salade-de-fenouil-a-lorange\\\/#primaryimage\",\"url\":\"https:\\\/\\\/www.assugrin.ch\\\/wp-content\\\/uploads\\\/2023\\\/06\\\/203_2-fenchel-orangen-salat_ok_ch-4.jpg\",\"contentUrl\":\"https:\\\/\\\/www.assugrin.ch\\\/wp-content\\\/uploads\\\/2023\\\/06\\\/203_2-fenchel-orangen-salat_ok_ch-4.jpg\",\"width\":1880,\"height\":1000,\"caption\":\"Salade de fenouil \u00e0 l'orange\"},{\"@type\":\"BreadcrumbList\",\"@id\":\"https:\\\/\\\/www.assugrin.ch\\\/fr\\\/recettes\\\/salade-de-fenouil-a-lorange\\\/#breadcrumb\",\"itemListElement\":[{\"@type\":\"ListItem\",\"position\":1,\"name\":\"Accueil\",\"item\":\"https:\\\/\\\/www.assugrin.ch\\\/fr\\\/\"},{\"@type\":\"ListItem\",\"position\":2,\"name\":\"Recettes\",\"item\":\"https:\\\/\\\/www.assugrin.ch\\\/fr\\\/recettes\\\/\"},{\"@type\":\"ListItem\",\"position\":3,\"name\":\"Salade de fenouil \u00e0 l&#8217;orange\"}]},{\"@type\":\"WebSite\",\"@id\":\"https:\\\/\\\/www.assugrin.ch\\\/fr\\\/#website\",\"url\":\"https:\\\/\\\/www.assugrin.ch\\\/fr\\\/\",\"name\":\"ASSUGRIN\",\"description\":\"Die clevere Art zu S\u00fcssen\",\"publisher\":{\"@id\":\"https:\\\/\\\/www.assugrin.ch\\\/fr\\\/#organization\"},\"potentialAction\":[{\"@type\":\"SearchAction\",\"target\":{\"@type\":\"EntryPoint\",\"urlTemplate\":\"https:\\\/\\\/www.assugrin.ch\\\/fr\\\/?s={search_term_string}\"},\"query-input\":{\"@type\":\"PropertyValueSpecification\",\"valueRequired\":true,\"valueName\":\"search_term_string\"}}],\"inLanguage\":\"fr-FR\"},{\"@type\":\"Organization\",\"@id\":\"https:\\\/\\\/www.assugrin.ch\\\/fr\\\/#organization\",\"name\":\"ASSUGRIN\",\"alternateName\":\"Die clevere Art zu S\u00fcssen\",\"url\":\"https:\\\/\\\/www.assugrin.ch\\\/fr\\\/\",\"logo\":{\"@type\":\"ImageObject\",\"inLanguage\":\"fr-FR\",\"@id\":\"https:\\\/\\\/www.assugrin.ch\\\/fr\\\/#\\\/schema\\\/logo\\\/image\\\/\",\"url\":\"https:\\\/\\\/www.assugrin.ch\\\/wp-content\\\/uploads\\\/2022\\\/12\\\/logo-assugrin-faq.svg\",\"contentUrl\":\"https:\\\/\\\/www.assugrin.ch\\\/wp-content\\\/uploads\\\/2022\\\/12\\\/logo-assugrin-faq.svg\",\"width\":180,\"height\":180,\"caption\":\"ASSUGRIN\"},\"image\":{\"@id\":\"https:\\\/\\\/www.assugrin.ch\\\/fr\\\/#\\\/schema\\\/logo\\\/image\\\/\"},\"sameAs\":[\"https:\\\/\\\/www.facebook.com\\\/ASSUGRIN.ch\\\/\",\"https:\\\/\\\/www.instagram.com\\\/assugrin.ch\"]}]}<\/script>\n<!-- \/ Yoast SEO Premium plugin. -->","yoast_head_json":{"title":"Salade de fenouil \u00e0 l'orange | ASSUGRIN","description":"Cette salade de fenouil \u00e0 l'orange v\u00e9g\u00e9talienne est le rem\u00e8de id\u00e9al contre le blues hivernal. Ses ar\u00f4mes gorg\u00e9s de soleil donnent de la couleur m\u00eame aux jours les plus gris.","robots":{"index":"index","follow":"follow","max-snippet":"max-snippet:-1","max-image-preview":"max-image-preview:large","max-video-preview":"max-video-preview:-1"},"canonical":"https:\/\/www.assugrin.ch\/fr\/recettes\/salade-de-fenouil-a-lorange\/","og_locale":"fr_FR","og_type":"article","og_title":"Salade de fenouil \u00e0 l'orange","og_description":"Cette salade de fenouil \u00e0 l'orange v\u00e9g\u00e9talienne est le rem\u00e8de id\u00e9al contre le blues hivernal. Ses ar\u00f4mes gorg\u00e9s de soleil donnent de la couleur m\u00eame aux jours les plus gris.","og_url":"https:\/\/www.assugrin.ch\/fr\/recettes\/salade-de-fenouil-a-lorange\/","og_site_name":"ASSUGRIN","article_publisher":"https:\/\/www.facebook.com\/ASSUGRIN.ch\/","og_image":[{"url":"https:\/\/www.assugrin.ch\/wp-content\/uploads\/2023\/06\/203_2-fenchel-orangen-salat_ok_ch-4.jpg","type":"","width":"","height":""}],"twitter_card":"summary_large_image","twitter_image":"https:\/\/www.assugrin.ch\/wp-content\/uploads\/2023\/06\/203_2-fenchel-orangen-salat_ok_ch-4.jpg","schema":{"@context":"https:\/\/schema.org","@graph":[{"@type":"WebPage","@id":"https:\/\/www.assugrin.ch\/fr\/recettes\/salade-de-fenouil-a-lorange\/","url":"https:\/\/www.assugrin.ch\/fr\/recettes\/salade-de-fenouil-a-lorange\/","name":"Salade de fenouil \u00e0 l'orange | ASSUGRIN","isPartOf":{"@id":"https:\/\/www.assugrin.ch\/fr\/#website"},"primaryImageOfPage":{"@id":"https:\/\/www.assugrin.ch\/fr\/recettes\/salade-de-fenouil-a-lorange\/#primaryimage"},"image":{"@id":"https:\/\/www.assugrin.ch\/fr\/recettes\/salade-de-fenouil-a-lorange\/#primaryimage"},"thumbnailUrl":"https:\/\/www.assugrin.ch\/wp-content\/uploads\/2023\/06\/203_2-fenchel-orangen-salat_ok_ch-4.jpg","datePublished":"2020-03-02T09:07:38+00:00","description":"Cette salade de fenouil \u00e0 l'orange v\u00e9g\u00e9talienne est le rem\u00e8de id\u00e9al contre le blues hivernal. Ses ar\u00f4mes gorg\u00e9s de soleil donnent de la couleur m\u00eame aux jours les plus gris.","breadcrumb":{"@id":"https:\/\/www.assugrin.ch\/fr\/recettes\/salade-de-fenouil-a-lorange\/#breadcrumb"},"inLanguage":"fr-FR","potentialAction":[{"@type":"ReadAction","target":["https:\/\/www.assugrin.ch\/fr\/recettes\/salade-de-fenouil-a-lorange\/"]}]},{"@type":"ImageObject","inLanguage":"fr-FR","@id":"https:\/\/www.assugrin.ch\/fr\/recettes\/salade-de-fenouil-a-lorange\/#primaryimage","url":"https:\/\/www.assugrin.ch\/wp-content\/uploads\/2023\/06\/203_2-fenchel-orangen-salat_ok_ch-4.jpg","contentUrl":"https:\/\/www.assugrin.ch\/wp-content\/uploads\/2023\/06\/203_2-fenchel-orangen-salat_ok_ch-4.jpg","width":1880,"height":1000,"caption":"Salade de fenouil \u00e0 l'orange"},{"@type":"BreadcrumbList","@id":"https:\/\/www.assugrin.ch\/fr\/recettes\/salade-de-fenouil-a-lorange\/#breadcrumb","itemListElement":[{"@type":"ListItem","position":1,"name":"Accueil","item":"https:\/\/www.assugrin.ch\/fr\/"},{"@type":"ListItem","position":2,"name":"Recettes","item":"https:\/\/www.assugrin.ch\/fr\/recettes\/"},{"@type":"ListItem","position":3,"name":"Salade de fenouil \u00e0 l&#8217;orange"}]},{"@type":"WebSite","@id":"https:\/\/www.assugrin.ch\/fr\/#website","url":"https:\/\/www.assugrin.ch\/fr\/","name":"ASSUGRIN","description":"Die clevere Art zu S\u00fcssen","publisher":{"@id":"https:\/\/www.assugrin.ch\/fr\/#organization"},"potentialAction":[{"@type":"SearchAction","target":{"@type":"EntryPoint","urlTemplate":"https:\/\/www.assugrin.ch\/fr\/?s={search_term_string}"},"query-input":{"@type":"PropertyValueSpecification","valueRequired":true,"valueName":"search_term_string"}}],"inLanguage":"fr-FR"},{"@type":"Organization","@id":"https:\/\/www.assugrin.ch\/fr\/#organization","name":"ASSUGRIN","alternateName":"Die clevere Art zu S\u00fcssen","url":"https:\/\/www.assugrin.ch\/fr\/","logo":{"@type":"ImageObject","inLanguage":"fr-FR","@id":"https:\/\/www.assugrin.ch\/fr\/#\/schema\/logo\/image\/","url":"https:\/\/www.assugrin.ch\/wp-content\/uploads\/2022\/12\/logo-assugrin-faq.svg","contentUrl":"https:\/\/www.assugrin.ch\/wp-content\/uploads\/2022\/12\/logo-assugrin-faq.svg","width":180,"height":180,"caption":"ASSUGRIN"},"image":{"@id":"https:\/\/www.assugrin.ch\/fr\/#\/schema\/logo\/image\/"},"sameAs":["https:\/\/www.facebook.com\/ASSUGRIN.ch\/","https:\/\/www.instagram.com\/assugrin.ch"]}]}},"post_meta":{"recipe_number":["203"],"recipe_summary":["Cette salade de fenouil \u00e0 l'orange v\u00e9g\u00e9talienne est le rem\u00e8de id\u00e9al contre le blues hivernal. Ses ar\u00f4mes gorg\u00e9s de soleil donnent de la couleur m\u00eame aux jours les plus gris."],"preparation_time":["00:10:00"],"cooking_time":[""],"perform_time":[""],"total_time":["00:10:00"],"cooking_method":[""],"recipe_cuisine":[""],"recipe_diet":["sugar-free, vegetarian, vegan"],"portions":["2"],"calories":[""],"kj_recipe":["1676"],"kj_serve":["838"],"kcal_recipe":["399"],"kcal_serve":["200"],"protein_recipe":["6"],"protein_serve":["3"],"carbohydrates_recipe":["22"],"carbohydrates_serve":["11"],"fat_recipe":["31.5"],"fat_serve":["16"],"_yoast_wpseo_metadesc":["Cette salade de fenouil \u00e0 l'orange v\u00e9g\u00e9talienne est le rem\u00e8de id\u00e9al contre le blues hivernal. Ses ar\u00f4mes gorg\u00e9s de soleil donnent de la couleur m\u00eame aux jours les plus gris."],"_yoast_wpseo_opengraph-image":["https:\/\/www.assugrin.ch\/wp-content\/uploads\/2023\/06\/203_2-fenchel-orangen-salat_ok_ch-4.jpg"],"_yoast_wpseo_opengraph_image_id":["15763"],"_yoast_wpseo_twitter-image":["https:\/\/www.assugrin.ch\/wp-content\/uploads\/2023\/06\/203_2-fenchel-orangen-salat_ok_ch-4.jpg"],"_yoast_wpseo_twitter_image_id":["15763"],"ingredients_steps_0_ingredients_steps_text":["R\u00e2per le fenouil en fines lamelles (ou avec un couteau tranchant). Fileter l'orange et mettre les filets avec les lamelles de fenouil. Dans un bol, presser le reste de l'orange pour en r\u00e9cup\u00e9rer le jus. "],"ingredients_steps_1_ingredients_steps_text":["Mettre le vinaigre de vin blanc, l'huile d'olive, l'Assugrin Liquide et 1\/2 c. \u00e0 c. de sel dans le jus d'orange. Verser cette vinaigrette sur les filets d'orange et les fines lamelles de fenouil. M\u00e9langer. Dresser la salade sur les assiettes, d\u00e9corer avec le vert du fenouil et servir aussit\u00f4t.<br \/>\r\n<br \/>\r\nAstuce: ajouter 1 c. \u00e0 s. de poivre rose affine agr\u00e9ablement cette salade de fenouil."],"ingredients_steps":["2"],"ingredients_section_0_ingredients_headline":[""],"ingredients_section_0_ingredients_repeater_0_name":["fenouil"],"ingredients_section_0_ingredients_repeater_0_value":["1 bulbe (400 g env.)"],"ingredients_section_0_ingredients_repeater_1_name":["orange"],"ingredients_section_0_ingredients_repeater_1_value":["1"],"ingredients_section_0_ingredients_repeater_2_name":["huile d'olive"],"ingredients_section_0_ingredients_repeater_2_value":["3 c. \u00e0 s."],"ingredients_section_0_ingredients_repeater_3_name":["vinaigre de vin blanc"],"ingredients_section_0_ingredients_repeater_3_value":["2 c. \u00e0 s."],"ingredients_section_0_ingredients_repeater_4_name":["Assugrin Liquide"],"ingredients_section_0_ingredients_repeater_4_value":["5 gouttes"],"ingredients_section_0_ingredients_repeater_5_name":["sel"],"ingredients_section_0_ingredients_repeater_5_value":["1\/2 c. \u00e0 c."],"ingredients_section_0_ingredients_repeater":["6"],"ingredients_section":["1"],"_thumbnail_id":["15763"]},"_links":{"self":[{"href":"https:\/\/www.assugrin.ch\/fr\/wp-json\/wp\/v2\/recipes\/15764","targetHints":{"allow":["GET"]}}],"collection":[{"href":"https:\/\/www.assugrin.ch\/fr\/wp-json\/wp\/v2\/recipes"}],"about":[{"href":"https:\/\/www.assugrin.ch\/fr\/wp-json\/wp\/v2\/types\/recipes"}],"version-history":[{"count":0,"href":"https:\/\/www.assugrin.ch\/fr\/wp-json\/wp\/v2\/recipes\/15764\/revisions"}],"wp:featuredmedia":[{"embeddable":true,"href":"https:\/\/www.assugrin.ch\/fr\/wp-json\/wp\/v2\/media\/15763"}],"wp:attachment":[{"href":"https:\/\/www.assugrin.ch\/fr\/wp-json\/wp\/v2\/media?parent=15764"}],"wp:term":[{"taxonomy":"post_tag","embeddable":true,"href":"https:\/\/www.assugrin.ch\/fr\/wp-json\/wp\/v2\/tags?post=15764"}],"curies":[{"name":"wp","href":"https:\/\/api.w.org\/{rel}","templated":true}]}}