{"id":15922,"date":"2019-03-21T07:58:48","date_gmt":"2019-03-21T06:58:48","guid":{"rendered":"https:\/\/beta.assugrin.ch\/rezepte\/salade-de-melon\/"},"modified":"2019-03-21T08:08:26","modified_gmt":"2019-03-21T07:08:26","slug":"salade-de-melon","status":"publish","type":"recipes","link":"https:\/\/www.assugrin.ch\/fr\/recettes\/salade-de-melon\/","title":{"rendered":"Salade de melon"},"content":{"rendered":"","protected":false},"excerpt":{"rendered":"","protected":false},"featured_media":15921,"template":"","meta":{"_acf_changed":false,"inline_featured_image":false,"kia_subtitle":"","footnotes":""},"tags":[],"class_list":["post-15922","recipes","type-recipes","status-publish","has-post-thumbnail","hentry","categories-salades","season-automne","season-ete","recipe-product-assugrin-liquide","preparation_time-0-30-min-fr"],"acf":[],"yoast_head":"<!-- This site is optimized with the Yoast SEO Premium plugin v24.2 (Yoast SEO v27.5) - https:\/\/yoast.com\/product\/yoast-seo-premium-wordpress\/ -->\n<title>Salade de melon | ASSUGRIN<\/title>\n<meta name=\"description\" content=\"L&#039;\u00e9t\u00e9 est color\u00e9, et cette d\u00e9licieuse salade de melon a le go\u00fbt de la saison... Un d\u00e9lice sur votre table de jardin.\" \/>\n<meta name=\"robots\" content=\"index, follow, max-snippet:-1, max-image-preview:large, max-video-preview:-1\" \/>\n<link rel=\"canonical\" href=\"https:\/\/www.assugrin.ch\/fr\/recettes\/salade-de-melon\/\" \/>\n<meta property=\"og:locale\" content=\"fr_FR\" \/>\n<meta property=\"og:type\" content=\"article\" \/>\n<meta property=\"og:title\" content=\"Salade de melon\" \/>\n<meta property=\"og:description\" content=\"L&#039;\u00e9t\u00e9 est color\u00e9, et cette d\u00e9licieuse salade de melon a le go\u00fbt de la saison... Un d\u00e9lice sur votre table de jardin.\" \/>\n<meta property=\"og:url\" content=\"https:\/\/www.assugrin.ch\/fr\/recettes\/salade-de-melon\/\" \/>\n<meta property=\"og:site_name\" content=\"ASSUGRIN\" \/>\n<meta property=\"article:publisher\" content=\"https:\/\/www.facebook.com\/ASSUGRIN.ch\/\" \/>\n<meta property=\"article:modified_time\" content=\"2019-03-21T07:08:26+00:00\" \/>\n<meta property=\"og:image\" content=\"https:\/\/www.assugrin.ch\/wp-content\/uploads\/2023\/06\/124-salade-de-melon.jpg\" \/>\n<meta name=\"twitter:card\" content=\"summary_large_image\" \/>\n<meta name=\"twitter:image\" content=\"https:\/\/www.assugrin.ch\/wp-content\/uploads\/2023\/06\/124-salade-de-melon.jpg\" \/>\n<script type=\"application\/ld+json\" class=\"yoast-schema-graph\">{\"@context\":\"https:\\\/\\\/schema.org\",\"@graph\":[{\"@type\":\"WebPage\",\"@id\":\"https:\\\/\\\/www.assugrin.ch\\\/fr\\\/recettes\\\/salade-de-melon\\\/\",\"url\":\"https:\\\/\\\/www.assugrin.ch\\\/fr\\\/recettes\\\/salade-de-melon\\\/\",\"name\":\"Salade de melon | ASSUGRIN\",\"isPartOf\":{\"@id\":\"https:\\\/\\\/www.assugrin.ch\\\/fr\\\/#website\"},\"primaryImageOfPage\":{\"@id\":\"https:\\\/\\\/www.assugrin.ch\\\/fr\\\/recettes\\\/salade-de-melon\\\/#primaryimage\"},\"image\":{\"@id\":\"https:\\\/\\\/www.assugrin.ch\\\/fr\\\/recettes\\\/salade-de-melon\\\/#primaryimage\"},\"thumbnailUrl\":\"https:\\\/\\\/www.assugrin.ch\\\/wp-content\\\/uploads\\\/2023\\\/06\\\/124-salade-de-melon.jpg\",\"datePublished\":\"2019-03-21T06:58:48+00:00\",\"dateModified\":\"2019-03-21T07:08:26+00:00\",\"description\":\"L'\u00e9t\u00e9 est color\u00e9, et cette d\u00e9licieuse salade de melon a le go\u00fbt de la saison... Un d\u00e9lice sur votre table de jardin.\",\"breadcrumb\":{\"@id\":\"https:\\\/\\\/www.assugrin.ch\\\/fr\\\/recettes\\\/salade-de-melon\\\/#breadcrumb\"},\"inLanguage\":\"fr-FR\",\"potentialAction\":[{\"@type\":\"ReadAction\",\"target\":[\"https:\\\/\\\/www.assugrin.ch\\\/fr\\\/recettes\\\/salade-de-melon\\\/\"]}]},{\"@type\":\"ImageObject\",\"inLanguage\":\"fr-FR\",\"@id\":\"https:\\\/\\\/www.assugrin.ch\\\/fr\\\/recettes\\\/salade-de-melon\\\/#primaryimage\",\"url\":\"https:\\\/\\\/www.assugrin.ch\\\/wp-content\\\/uploads\\\/2023\\\/06\\\/124-salade-de-melon.jpg\",\"contentUrl\":\"https:\\\/\\\/www.assugrin.ch\\\/wp-content\\\/uploads\\\/2023\\\/06\\\/124-salade-de-melon.jpg\",\"width\":2500,\"height\":1160},{\"@type\":\"BreadcrumbList\",\"@id\":\"https:\\\/\\\/www.assugrin.ch\\\/fr\\\/recettes\\\/salade-de-melon\\\/#breadcrumb\",\"itemListElement\":[{\"@type\":\"ListItem\",\"position\":1,\"name\":\"Accueil\",\"item\":\"https:\\\/\\\/www.assugrin.ch\\\/fr\\\/\"},{\"@type\":\"ListItem\",\"position\":2,\"name\":\"Recettes\",\"item\":\"https:\\\/\\\/www.assugrin.ch\\\/fr\\\/recettes\\\/\"},{\"@type\":\"ListItem\",\"position\":3,\"name\":\"Salade de melon\"}]},{\"@type\":\"WebSite\",\"@id\":\"https:\\\/\\\/www.assugrin.ch\\\/fr\\\/#website\",\"url\":\"https:\\\/\\\/www.assugrin.ch\\\/fr\\\/\",\"name\":\"ASSUGRIN\",\"description\":\"Die clevere Art zu S\u00fcssen\",\"publisher\":{\"@id\":\"https:\\\/\\\/www.assugrin.ch\\\/fr\\\/#organization\"},\"potentialAction\":[{\"@type\":\"SearchAction\",\"target\":{\"@type\":\"EntryPoint\",\"urlTemplate\":\"https:\\\/\\\/www.assugrin.ch\\\/fr\\\/?s={search_term_string}\"},\"query-input\":{\"@type\":\"PropertyValueSpecification\",\"valueRequired\":true,\"valueName\":\"search_term_string\"}}],\"inLanguage\":\"fr-FR\"},{\"@type\":\"Organization\",\"@id\":\"https:\\\/\\\/www.assugrin.ch\\\/fr\\\/#organization\",\"name\":\"ASSUGRIN\",\"alternateName\":\"Die clevere Art zu S\u00fcssen\",\"url\":\"https:\\\/\\\/www.assugrin.ch\\\/fr\\\/\",\"logo\":{\"@type\":\"ImageObject\",\"inLanguage\":\"fr-FR\",\"@id\":\"https:\\\/\\\/www.assugrin.ch\\\/fr\\\/#\\\/schema\\\/logo\\\/image\\\/\",\"url\":\"https:\\\/\\\/www.assugrin.ch\\\/wp-content\\\/uploads\\\/2022\\\/12\\\/logo-assugrin-faq.svg\",\"contentUrl\":\"https:\\\/\\\/www.assugrin.ch\\\/wp-content\\\/uploads\\\/2022\\\/12\\\/logo-assugrin-faq.svg\",\"width\":180,\"height\":180,\"caption\":\"ASSUGRIN\"},\"image\":{\"@id\":\"https:\\\/\\\/www.assugrin.ch\\\/fr\\\/#\\\/schema\\\/logo\\\/image\\\/\"},\"sameAs\":[\"https:\\\/\\\/www.facebook.com\\\/ASSUGRIN.ch\\\/\",\"https:\\\/\\\/www.instagram.com\\\/assugrin.ch\"]}]}<\/script>\n<!-- \/ Yoast SEO Premium plugin. -->","yoast_head_json":{"title":"Salade de melon | ASSUGRIN","description":"L'\u00e9t\u00e9 est color\u00e9, et cette d\u00e9licieuse salade de melon a le go\u00fbt de la saison... Un d\u00e9lice sur votre table de jardin.","robots":{"index":"index","follow":"follow","max-snippet":"max-snippet:-1","max-image-preview":"max-image-preview:large","max-video-preview":"max-video-preview:-1"},"canonical":"https:\/\/www.assugrin.ch\/fr\/recettes\/salade-de-melon\/","og_locale":"fr_FR","og_type":"article","og_title":"Salade de melon","og_description":"L'\u00e9t\u00e9 est color\u00e9, et cette d\u00e9licieuse salade de melon a le go\u00fbt de la saison... Un d\u00e9lice sur votre table de jardin.","og_url":"https:\/\/www.assugrin.ch\/fr\/recettes\/salade-de-melon\/","og_site_name":"ASSUGRIN","article_publisher":"https:\/\/www.facebook.com\/ASSUGRIN.ch\/","article_modified_time":"2019-03-21T07:08:26+00:00","og_image":[{"url":"https:\/\/www.assugrin.ch\/wp-content\/uploads\/2023\/06\/124-salade-de-melon.jpg","type":"","width":"","height":""}],"twitter_card":"summary_large_image","twitter_image":"https:\/\/www.assugrin.ch\/wp-content\/uploads\/2023\/06\/124-salade-de-melon.jpg","schema":{"@context":"https:\/\/schema.org","@graph":[{"@type":"WebPage","@id":"https:\/\/www.assugrin.ch\/fr\/recettes\/salade-de-melon\/","url":"https:\/\/www.assugrin.ch\/fr\/recettes\/salade-de-melon\/","name":"Salade de melon | ASSUGRIN","isPartOf":{"@id":"https:\/\/www.assugrin.ch\/fr\/#website"},"primaryImageOfPage":{"@id":"https:\/\/www.assugrin.ch\/fr\/recettes\/salade-de-melon\/#primaryimage"},"image":{"@id":"https:\/\/www.assugrin.ch\/fr\/recettes\/salade-de-melon\/#primaryimage"},"thumbnailUrl":"https:\/\/www.assugrin.ch\/wp-content\/uploads\/2023\/06\/124-salade-de-melon.jpg","datePublished":"2019-03-21T06:58:48+00:00","dateModified":"2019-03-21T07:08:26+00:00","description":"L'\u00e9t\u00e9 est color\u00e9, et cette d\u00e9licieuse salade de melon a le go\u00fbt de la saison... Un d\u00e9lice sur votre table de jardin.","breadcrumb":{"@id":"https:\/\/www.assugrin.ch\/fr\/recettes\/salade-de-melon\/#breadcrumb"},"inLanguage":"fr-FR","potentialAction":[{"@type":"ReadAction","target":["https:\/\/www.assugrin.ch\/fr\/recettes\/salade-de-melon\/"]}]},{"@type":"ImageObject","inLanguage":"fr-FR","@id":"https:\/\/www.assugrin.ch\/fr\/recettes\/salade-de-melon\/#primaryimage","url":"https:\/\/www.assugrin.ch\/wp-content\/uploads\/2023\/06\/124-salade-de-melon.jpg","contentUrl":"https:\/\/www.assugrin.ch\/wp-content\/uploads\/2023\/06\/124-salade-de-melon.jpg","width":2500,"height":1160},{"@type":"BreadcrumbList","@id":"https:\/\/www.assugrin.ch\/fr\/recettes\/salade-de-melon\/#breadcrumb","itemListElement":[{"@type":"ListItem","position":1,"name":"Accueil","item":"https:\/\/www.assugrin.ch\/fr\/"},{"@type":"ListItem","position":2,"name":"Recettes","item":"https:\/\/www.assugrin.ch\/fr\/recettes\/"},{"@type":"ListItem","position":3,"name":"Salade de melon"}]},{"@type":"WebSite","@id":"https:\/\/www.assugrin.ch\/fr\/#website","url":"https:\/\/www.assugrin.ch\/fr\/","name":"ASSUGRIN","description":"Die clevere Art zu S\u00fcssen","publisher":{"@id":"https:\/\/www.assugrin.ch\/fr\/#organization"},"potentialAction":[{"@type":"SearchAction","target":{"@type":"EntryPoint","urlTemplate":"https:\/\/www.assugrin.ch\/fr\/?s={search_term_string}"},"query-input":{"@type":"PropertyValueSpecification","valueRequired":true,"valueName":"search_term_string"}}],"inLanguage":"fr-FR"},{"@type":"Organization","@id":"https:\/\/www.assugrin.ch\/fr\/#organization","name":"ASSUGRIN","alternateName":"Die clevere Art zu S\u00fcssen","url":"https:\/\/www.assugrin.ch\/fr\/","logo":{"@type":"ImageObject","inLanguage":"fr-FR","@id":"https:\/\/www.assugrin.ch\/fr\/#\/schema\/logo\/image\/","url":"https:\/\/www.assugrin.ch\/wp-content\/uploads\/2022\/12\/logo-assugrin-faq.svg","contentUrl":"https:\/\/www.assugrin.ch\/wp-content\/uploads\/2022\/12\/logo-assugrin-faq.svg","width":180,"height":180,"caption":"ASSUGRIN"},"image":{"@id":"https:\/\/www.assugrin.ch\/fr\/#\/schema\/logo\/image\/"},"sameAs":["https:\/\/www.facebook.com\/ASSUGRIN.ch\/","https:\/\/www.instagram.com\/assugrin.ch"]}]}},"post_meta":{"recipe_number":["124"],"recipe_summary":["L'\u00e9t\u00e9 est color\u00e9, et cette d\u00e9licieuse salade de melon a le go\u00fbt de la saison... Un d\u00e9lice sur votre table de jardin."],"preparation_time":[""],"cooking_time":[""],"perform_time":[""],"total_time":["00:30:00"],"cooking_method":[""],"recipe_cuisine":[""],"recipe_diet":[""],"portions":["4"],"calories":["189"],"kj_recipe":["3175"],"kj_serve":["794"],"kcal_recipe":["756"],"kcal_serve":["189"],"protein_recipe":["23"],"protein_serve":["5.5"],"carbohydrates_recipe":["60"],"carbohydrates_serve":["15"],"fat_recipe":["46"],"fat_serve":["11.5"],"_yoast_wpseo_metadesc":["L'\u00e9t\u00e9 est color\u00e9, et cette d\u00e9licieuse salade de melon a le go\u00fbt de la saison... Un d\u00e9lice sur votre table de jardin."],"_yoast_wpseo_opengraph-image":["https:\/\/www.assugrin.ch\/wp-content\/uploads\/2023\/06\/124-salade-de-melon.jpg"],"_yoast_wpseo_opengraph_image_id":["15921"],"_yoast_wpseo_opengraph-description":["L'\u00e9t\u00e9 est color\u00e9, et cette d\u00e9licieuse salade de melon a le go\u00fbt de la saison... Un d\u00e9lice sur votre table de jardin."],"_yoast_wpseo_twitter-image":["https:\/\/www.assugrin.ch\/wp-content\/uploads\/2023\/06\/124-salade-de-melon.jpg"],"_yoast_wpseo_twitter_image_id":["15921"],"ingredients_steps_0_ingredients_steps_text":["Coupez le melon et la past\u00e8que en petits morceaux et les figues en tranches. Pelez l\u2019avocat, \u00f4tez le noyau et coupez la chair en petits d\u00e9s."],"ingredients_steps_1_ingredients_steps_text":["Placez le melon, les figues et l\u2019avocat dans un grand bol et m\u00e9langez d\u00e9licatement. Parsemez l\u2019ensemble avec la f\u00e9ta, les amandes grill\u00e9es et le cresson."],"ingredients_steps_2_ingredients_steps_text":["Pour pr\u00e9parer la vinaigrette, m\u00e9langez le vinaigre balsamique, l\u2019huile d\u2019olive et l\u2019Assugrin Liquide dans un petit bol. Versez un peu de vinaigrette sur la salade juste avant de servir."],"ingredients_steps":["3"],"ingredients_section_0_ingredients_headline":["Salade de melon: "],"ingredients_section_0_ingredients_repeater_0_name":["de melon cantaloup (poids sans la peau)\t"],"ingredients_section_0_ingredients_repeater_0_value":["250 g "],"ingredients_section_0_ingredients_repeater_1_name":["de past\u00e8que (poids sans la peau)\t"],"ingredients_section_0_ingredients_repeater_1_value":["400 g "],"ingredients_section_0_ingredients_repeater_2_name":["figues"],"ingredients_section_0_ingredients_repeater_2_value":["2"],"ingredients_section_0_ingredients_repeater_3_name":["avocat"],"ingredients_section_0_ingredients_repeater_3_value":["1"],"ingredients_section_0_ingredients_repeater_4_name":["de f\u00e9ta"],"ingredients_section_0_ingredients_repeater_4_value":["80 g"],"ingredients_section_0_ingredients_repeater_5_name":["d\u2019amandes grill\u00e9es\t"],"ingredients_section_0_ingredients_repeater_5_value":["20 g "],"ingredients_section_0_ingredients_repeater_6_name":["de Cresson"],"ingredients_section_0_ingredients_repeater_6_value":["une petite poign\u00e9e (10 g)"],"ingredients_section_0_ingredients_repeater":["7"],"ingredients_section_1_ingredients_headline":["Vinaigrette :"],"ingredients_section_1_ingredients_repeater_0_name":["de Vinaigre balsamique blanc "],"ingredients_section_1_ingredients_repeater_0_value":["2 c. \u00e0 s."],"ingredients_section_1_ingredients_repeater_1_name":["d\u2019Huile d\u2019olive"],"ingredients_section_1_ingredients_repeater_1_value":["2 c. \u00e0 s."],"ingredients_section_1_ingredients_repeater_2_name":["d\u2019Assugrin Liquide"],"ingredients_section_1_ingredients_repeater_2_value":["15 gouttes "],"ingredients_section_1_ingredients_repeater":["3"],"ingredients_section":["2"],"_thumbnail_id":["15921"]},"_links":{"self":[{"href":"https:\/\/www.assugrin.ch\/fr\/wp-json\/wp\/v2\/recipes\/15922","targetHints":{"allow":["GET"]}}],"collection":[{"href":"https:\/\/www.assugrin.ch\/fr\/wp-json\/wp\/v2\/recipes"}],"about":[{"href":"https:\/\/www.assugrin.ch\/fr\/wp-json\/wp\/v2\/types\/recipes"}],"version-history":[{"count":0,"href":"https:\/\/www.assugrin.ch\/fr\/wp-json\/wp\/v2\/recipes\/15922\/revisions"}],"wp:featuredmedia":[{"embeddable":true,"href":"https:\/\/www.assugrin.ch\/fr\/wp-json\/wp\/v2\/media\/15921"}],"wp:attachment":[{"href":"https:\/\/www.assugrin.ch\/fr\/wp-json\/wp\/v2\/media?parent=15922"}],"wp:term":[{"taxonomy":"post_tag","embeddable":true,"href":"https:\/\/www.assugrin.ch\/fr\/wp-json\/wp\/v2\/tags?post=15922"}],"curies":[{"name":"wp","href":"https:\/\/api.w.org\/{rel}","templated":true}]}}