{"id":15936,"date":"2019-03-22T09:22:44","date_gmt":"2019-03-22T08:22:44","guid":{"rendered":"https:\/\/beta.assugrin.ch\/rezepte\/salade-de-brocoli-et-chou-fleur\/"},"modified":"2019-03-22T09:29:47","modified_gmt":"2019-03-22T08:29:47","slug":"salade-de-brocoli-et-chou-fleur","status":"publish","type":"recipes","link":"https:\/\/www.assugrin.ch\/fr\/recettes\/salade-de-brocoli-et-chou-fleur\/","title":{"rendered":"Salade de brocoli et chou-fleur"},"content":{"rendered":"","protected":false},"excerpt":{"rendered":"","protected":false},"featured_media":15935,"template":"","meta":{"_acf_changed":false,"inline_featured_image":false,"kia_subtitle":"","footnotes":""},"tags":[],"class_list":["post-15936","recipes","type-recipes","status-publish","has-post-thumbnail","hentry","categories-salades","season-ete","recipe-product-assugrin-liquide","preparation_time-30-60-min-fr"],"acf":[],"yoast_head":"<!-- This site is optimized with the Yoast SEO Premium plugin v24.2 (Yoast SEO v27.5) - https:\/\/yoast.com\/product\/yoast-seo-premium-wordpress\/ -->\n<title>Salade de brocoli et chou-fleur | ASSUGRIN<\/title>\n<meta name=\"description\" content=\"Le blanc est \u00e9galement une sorte de vert - combin\u00e9s \u00e0 des amandes croquantes, chou-fleur et brocolis se transforment en un en-cas nutritif.\" \/>\n<meta name=\"robots\" content=\"index, follow, max-snippet:-1, max-image-preview:large, max-video-preview:-1\" \/>\n<link rel=\"canonical\" href=\"https:\/\/www.assugrin.ch\/fr\/recettes\/salade-de-brocoli-et-chou-fleur\/\" \/>\n<meta property=\"og:locale\" content=\"fr_FR\" \/>\n<meta property=\"og:type\" content=\"article\" \/>\n<meta property=\"og:title\" content=\"Salade de brocoli et chou-fleur\" \/>\n<meta property=\"og:description\" content=\"Le blanc est \u00e9galement une sorte de vert - combin\u00e9s \u00e0 des amandes croquantes, chou-fleur et brocolis se transforment en un en-cas nutritif.\" \/>\n<meta property=\"og:url\" content=\"https:\/\/www.assugrin.ch\/fr\/recettes\/salade-de-brocoli-et-chou-fleur\/\" \/>\n<meta property=\"og:site_name\" content=\"ASSUGRIN\" \/>\n<meta property=\"article:publisher\" content=\"https:\/\/www.facebook.com\/ASSUGRIN.ch\/\" \/>\n<meta property=\"article:modified_time\" content=\"2019-03-22T08:29:47+00:00\" \/>\n<meta property=\"og:image\" content=\"https:\/\/www.assugrin.ch\/wp-content\/uploads\/2023\/06\/117-salade-de-brocoli-et-chou-fleur.jpg\" \/>\n<meta name=\"twitter:card\" content=\"summary_large_image\" \/>\n<meta name=\"twitter:image\" content=\"https:\/\/www.assugrin.ch\/wp-content\/uploads\/2023\/06\/117-salade-de-brocoli-et-chou-fleur.jpg\" \/>\n<script type=\"application\/ld+json\" class=\"yoast-schema-graph\">{\"@context\":\"https:\\\/\\\/schema.org\",\"@graph\":[{\"@type\":\"WebPage\",\"@id\":\"https:\\\/\\\/www.assugrin.ch\\\/fr\\\/recettes\\\/salade-de-brocoli-et-chou-fleur\\\/\",\"url\":\"https:\\\/\\\/www.assugrin.ch\\\/fr\\\/recettes\\\/salade-de-brocoli-et-chou-fleur\\\/\",\"name\":\"Salade de brocoli et chou-fleur | ASSUGRIN\",\"isPartOf\":{\"@id\":\"https:\\\/\\\/www.assugrin.ch\\\/fr\\\/#website\"},\"primaryImageOfPage\":{\"@id\":\"https:\\\/\\\/www.assugrin.ch\\\/fr\\\/recettes\\\/salade-de-brocoli-et-chou-fleur\\\/#primaryimage\"},\"image\":{\"@id\":\"https:\\\/\\\/www.assugrin.ch\\\/fr\\\/recettes\\\/salade-de-brocoli-et-chou-fleur\\\/#primaryimage\"},\"thumbnailUrl\":\"https:\\\/\\\/www.assugrin.ch\\\/wp-content\\\/uploads\\\/2023\\\/06\\\/117-salade-de-brocoli-et-chou-fleur.jpg\",\"datePublished\":\"2019-03-22T08:22:44+00:00\",\"dateModified\":\"2019-03-22T08:29:47+00:00\",\"description\":\"Le blanc est \u00e9galement une sorte de vert - combin\u00e9s \u00e0 des amandes croquantes, chou-fleur et brocolis se transforment en un en-cas nutritif.\",\"breadcrumb\":{\"@id\":\"https:\\\/\\\/www.assugrin.ch\\\/fr\\\/recettes\\\/salade-de-brocoli-et-chou-fleur\\\/#breadcrumb\"},\"inLanguage\":\"fr-FR\",\"potentialAction\":[{\"@type\":\"ReadAction\",\"target\":[\"https:\\\/\\\/www.assugrin.ch\\\/fr\\\/recettes\\\/salade-de-brocoli-et-chou-fleur\\\/\"]}]},{\"@type\":\"ImageObject\",\"inLanguage\":\"fr-FR\",\"@id\":\"https:\\\/\\\/www.assugrin.ch\\\/fr\\\/recettes\\\/salade-de-brocoli-et-chou-fleur\\\/#primaryimage\",\"url\":\"https:\\\/\\\/www.assugrin.ch\\\/wp-content\\\/uploads\\\/2023\\\/06\\\/117-salade-de-brocoli-et-chou-fleur.jpg\",\"contentUrl\":\"https:\\\/\\\/www.assugrin.ch\\\/wp-content\\\/uploads\\\/2023\\\/06\\\/117-salade-de-brocoli-et-chou-fleur.jpg\",\"width\":2500,\"height\":1160},{\"@type\":\"BreadcrumbList\",\"@id\":\"https:\\\/\\\/www.assugrin.ch\\\/fr\\\/recettes\\\/salade-de-brocoli-et-chou-fleur\\\/#breadcrumb\",\"itemListElement\":[{\"@type\":\"ListItem\",\"position\":1,\"name\":\"Accueil\",\"item\":\"https:\\\/\\\/www.assugrin.ch\\\/fr\\\/\"},{\"@type\":\"ListItem\",\"position\":2,\"name\":\"Recettes\",\"item\":\"https:\\\/\\\/www.assugrin.ch\\\/fr\\\/recettes\\\/\"},{\"@type\":\"ListItem\",\"position\":3,\"name\":\"Salade de brocoli et chou-fleur\"}]},{\"@type\":\"WebSite\",\"@id\":\"https:\\\/\\\/www.assugrin.ch\\\/fr\\\/#website\",\"url\":\"https:\\\/\\\/www.assugrin.ch\\\/fr\\\/\",\"name\":\"ASSUGRIN\",\"description\":\"Die clevere Art zu S\u00fcssen\",\"publisher\":{\"@id\":\"https:\\\/\\\/www.assugrin.ch\\\/fr\\\/#organization\"},\"potentialAction\":[{\"@type\":\"SearchAction\",\"target\":{\"@type\":\"EntryPoint\",\"urlTemplate\":\"https:\\\/\\\/www.assugrin.ch\\\/fr\\\/?s={search_term_string}\"},\"query-input\":{\"@type\":\"PropertyValueSpecification\",\"valueRequired\":true,\"valueName\":\"search_term_string\"}}],\"inLanguage\":\"fr-FR\"},{\"@type\":\"Organization\",\"@id\":\"https:\\\/\\\/www.assugrin.ch\\\/fr\\\/#organization\",\"name\":\"ASSUGRIN\",\"alternateName\":\"Die clevere Art zu S\u00fcssen\",\"url\":\"https:\\\/\\\/www.assugrin.ch\\\/fr\\\/\",\"logo\":{\"@type\":\"ImageObject\",\"inLanguage\":\"fr-FR\",\"@id\":\"https:\\\/\\\/www.assugrin.ch\\\/fr\\\/#\\\/schema\\\/logo\\\/image\\\/\",\"url\":\"https:\\\/\\\/www.assugrin.ch\\\/wp-content\\\/uploads\\\/2022\\\/12\\\/logo-assugrin-faq.svg\",\"contentUrl\":\"https:\\\/\\\/www.assugrin.ch\\\/wp-content\\\/uploads\\\/2022\\\/12\\\/logo-assugrin-faq.svg\",\"width\":180,\"height\":180,\"caption\":\"ASSUGRIN\"},\"image\":{\"@id\":\"https:\\\/\\\/www.assugrin.ch\\\/fr\\\/#\\\/schema\\\/logo\\\/image\\\/\"},\"sameAs\":[\"https:\\\/\\\/www.facebook.com\\\/ASSUGRIN.ch\\\/\",\"https:\\\/\\\/www.instagram.com\\\/assugrin.ch\"]}]}<\/script>\n<!-- \/ Yoast SEO Premium plugin. -->","yoast_head_json":{"title":"Salade de brocoli et chou-fleur | ASSUGRIN","description":"Le blanc est \u00e9galement une sorte de vert - combin\u00e9s \u00e0 des amandes croquantes, chou-fleur et brocolis se transforment en un en-cas nutritif.","robots":{"index":"index","follow":"follow","max-snippet":"max-snippet:-1","max-image-preview":"max-image-preview:large","max-video-preview":"max-video-preview:-1"},"canonical":"https:\/\/www.assugrin.ch\/fr\/recettes\/salade-de-brocoli-et-chou-fleur\/","og_locale":"fr_FR","og_type":"article","og_title":"Salade de brocoli et chou-fleur","og_description":"Le blanc est \u00e9galement une sorte de vert - combin\u00e9s \u00e0 des amandes croquantes, chou-fleur et brocolis se transforment en un en-cas nutritif.","og_url":"https:\/\/www.assugrin.ch\/fr\/recettes\/salade-de-brocoli-et-chou-fleur\/","og_site_name":"ASSUGRIN","article_publisher":"https:\/\/www.facebook.com\/ASSUGRIN.ch\/","article_modified_time":"2019-03-22T08:29:47+00:00","og_image":[{"url":"https:\/\/www.assugrin.ch\/wp-content\/uploads\/2023\/06\/117-salade-de-brocoli-et-chou-fleur.jpg","type":"","width":"","height":""}],"twitter_card":"summary_large_image","twitter_image":"https:\/\/www.assugrin.ch\/wp-content\/uploads\/2023\/06\/117-salade-de-brocoli-et-chou-fleur.jpg","schema":{"@context":"https:\/\/schema.org","@graph":[{"@type":"WebPage","@id":"https:\/\/www.assugrin.ch\/fr\/recettes\/salade-de-brocoli-et-chou-fleur\/","url":"https:\/\/www.assugrin.ch\/fr\/recettes\/salade-de-brocoli-et-chou-fleur\/","name":"Salade de brocoli et chou-fleur | ASSUGRIN","isPartOf":{"@id":"https:\/\/www.assugrin.ch\/fr\/#website"},"primaryImageOfPage":{"@id":"https:\/\/www.assugrin.ch\/fr\/recettes\/salade-de-brocoli-et-chou-fleur\/#primaryimage"},"image":{"@id":"https:\/\/www.assugrin.ch\/fr\/recettes\/salade-de-brocoli-et-chou-fleur\/#primaryimage"},"thumbnailUrl":"https:\/\/www.assugrin.ch\/wp-content\/uploads\/2023\/06\/117-salade-de-brocoli-et-chou-fleur.jpg","datePublished":"2019-03-22T08:22:44+00:00","dateModified":"2019-03-22T08:29:47+00:00","description":"Le blanc est \u00e9galement une sorte de vert - combin\u00e9s \u00e0 des amandes croquantes, chou-fleur et brocolis se transforment en un en-cas nutritif.","breadcrumb":{"@id":"https:\/\/www.assugrin.ch\/fr\/recettes\/salade-de-brocoli-et-chou-fleur\/#breadcrumb"},"inLanguage":"fr-FR","potentialAction":[{"@type":"ReadAction","target":["https:\/\/www.assugrin.ch\/fr\/recettes\/salade-de-brocoli-et-chou-fleur\/"]}]},{"@type":"ImageObject","inLanguage":"fr-FR","@id":"https:\/\/www.assugrin.ch\/fr\/recettes\/salade-de-brocoli-et-chou-fleur\/#primaryimage","url":"https:\/\/www.assugrin.ch\/wp-content\/uploads\/2023\/06\/117-salade-de-brocoli-et-chou-fleur.jpg","contentUrl":"https:\/\/www.assugrin.ch\/wp-content\/uploads\/2023\/06\/117-salade-de-brocoli-et-chou-fleur.jpg","width":2500,"height":1160},{"@type":"BreadcrumbList","@id":"https:\/\/www.assugrin.ch\/fr\/recettes\/salade-de-brocoli-et-chou-fleur\/#breadcrumb","itemListElement":[{"@type":"ListItem","position":1,"name":"Accueil","item":"https:\/\/www.assugrin.ch\/fr\/"},{"@type":"ListItem","position":2,"name":"Recettes","item":"https:\/\/www.assugrin.ch\/fr\/recettes\/"},{"@type":"ListItem","position":3,"name":"Salade de brocoli et chou-fleur"}]},{"@type":"WebSite","@id":"https:\/\/www.assugrin.ch\/fr\/#website","url":"https:\/\/www.assugrin.ch\/fr\/","name":"ASSUGRIN","description":"Die clevere Art zu S\u00fcssen","publisher":{"@id":"https:\/\/www.assugrin.ch\/fr\/#organization"},"potentialAction":[{"@type":"SearchAction","target":{"@type":"EntryPoint","urlTemplate":"https:\/\/www.assugrin.ch\/fr\/?s={search_term_string}"},"query-input":{"@type":"PropertyValueSpecification","valueRequired":true,"valueName":"search_term_string"}}],"inLanguage":"fr-FR"},{"@type":"Organization","@id":"https:\/\/www.assugrin.ch\/fr\/#organization","name":"ASSUGRIN","alternateName":"Die clevere Art zu S\u00fcssen","url":"https:\/\/www.assugrin.ch\/fr\/","logo":{"@type":"ImageObject","inLanguage":"fr-FR","@id":"https:\/\/www.assugrin.ch\/fr\/#\/schema\/logo\/image\/","url":"https:\/\/www.assugrin.ch\/wp-content\/uploads\/2022\/12\/logo-assugrin-faq.svg","contentUrl":"https:\/\/www.assugrin.ch\/wp-content\/uploads\/2022\/12\/logo-assugrin-faq.svg","width":180,"height":180,"caption":"ASSUGRIN"},"image":{"@id":"https:\/\/www.assugrin.ch\/fr\/#\/schema\/logo\/image\/"},"sameAs":["https:\/\/www.facebook.com\/ASSUGRIN.ch\/","https:\/\/www.instagram.com\/assugrin.ch"]}]}},"post_meta":{"recipe_number":["117"],"recipe_summary":["Le blanc est \u00e9galement une sorte de vert - combin\u00e9s \u00e0 des amandes croquantes, chou-fleur et brocolis se transforment en un en-cas nutritif."],"preparation_time":[""],"cooking_time":[""],"perform_time":[""],"total_time":["00:45:00"],"cooking_method":[""],"recipe_cuisine":[""],"recipe_diet":[""],"portions":["4"],"calories":["313"],"kj_recipe":["5263"],"kj_serve":["1316"],"kcal_recipe":["1253"],"kcal_serve":["313"],"protein_recipe":["61"],"protein_serve":["15"],"carbohydrates_recipe":["29"],"carbohydrates_serve":["7"],"fat_recipe":["99"],"fat_serve":["25"],"_yoast_wpseo_metadesc":["Le blanc est \u00e9galement une sorte de vert - combin\u00e9s \u00e0 des amandes croquantes, chou-fleur et brocolis se transforment en un en-cas nutritif."],"_yoast_wpseo_opengraph-image":["https:\/\/www.assugrin.ch\/wp-content\/uploads\/2023\/06\/117-salade-de-brocoli-et-chou-fleur.jpg"],"_yoast_wpseo_opengraph_image_id":["15935"],"_yoast_wpseo_opengraph-description":["Le blanc est \u00e9galement une sorte de vert - combin\u00e9s \u00e0 des amandes croquantes, chou-fleur et brocolis se transforment en un en-cas nutritif."],"_yoast_wpseo_twitter-image":["https:\/\/www.assugrin.ch\/wp-content\/uploads\/2023\/06\/117-salade-de-brocoli-et-chou-fleur.jpg"],"_yoast_wpseo_twitter_image_id":["15935"],"ingredients_steps_0_ingredients_steps_text":["Rincez le brocoli et le chou-fleur et coupez-les en petits fleurets. Placez-les dans un fond d\u2019eau bouillante dans une casserole, placez le couvercle et laissez blanchir pendant 2 minutes. Retirez l\u2019eau et laissez le brocoli et le chou-fleur s\u2019\u00e9goutter."],"ingredients_steps_1_ingredients_steps_text":["Coupez l\u2019oignon rouge en petits d\u00e9s. Faites cuire le lard \u00e0 la po\u00eale jusqu\u2019\u00e0 ce qu\u2019il soit croustillant, puis coupez-le en petits morceaux. Hachez grossi\u00e8rement les amandes et faites-les griller dans une po\u00eale sans mati\u00e8re grasse jusqu\u2019\u00e0 ce qu\u2019elles soient l\u00e9g\u00e8rement dor\u00e9es. M\u00e9langez tous les ingr\u00e9dients sauf les amandes dans un saladier."],"ingredients_steps_2_ingredients_steps_text":["Pr\u00e9parez la vinaigrette en versant tous les ingr\u00e9dients n\u00e9cessaires dans un petit bol puis m\u00e9langez. Versez la vinaigrette sur la salade puis m\u00e9langez jusqu\u2019\u00e0 ce que la vinaigrette soit bien r\u00e9partie. Parsemez les amandes grill\u00e9es sur la salade juste avant de servir."],"ingredients_steps":["3"],"ingredients_section_0_ingredients_headline":["Salade:"],"ingredients_section_0_ingredients_repeater_0_name":["broccoli"],"ingredients_section_0_ingredients_repeater_0_value":["340 g"],"ingredients_section_0_ingredients_repeater_1_name":["chou-fleur \t"],"ingredients_section_0_ingredients_repeater_1_value":["1"],"ingredients_section_0_ingredients_repeater_2_name":["petit oignon rouge"],"ingredients_section_0_ingredients_repeater_2_value":["1"],"ingredients_section_0_ingredients_repeater_3_name":["tranches de lard"],"ingredients_section_0_ingredients_repeater_3_value":["8"],"ingredients_section_0_ingredients_repeater_4_name":["de feta en d\u00e9s "],"ingredients_section_0_ingredients_repeater_4_value":["100 g"],"ingredients_section_0_ingredients_repeater_5_name":["d'amandes"],"ingredients_section_0_ingredients_repeater_5_value":["40 g"],"ingredients_section_0_ingredients_repeater":["6"],"ingredients_section_1_ingredients_headline":["Sauce :"],"ingredients_section_1_ingredients_repeater_0_name":["de mayonnaise"],"ingredients_section_1_ingredients_repeater_0_value":["50 g"],"ingredients_section_1_ingredients_repeater_1_name":["de yaourt grec"],"ingredients_section_1_ingredients_repeater_1_value":["70 g"],"ingredients_section_1_ingredients_repeater_2_name":["du vinaigre blanc"],"ingredients_section_1_ingredients_repeater_2_value":["2 c. \u00e0. s."],"ingredients_section_1_ingredients_repeater_3_name":["d'Assugrin liquide "],"ingredients_section_1_ingredients_repeater_3_value":["20 gouttes"],"ingredients_section_1_ingredients_repeater_4_name":["sel"],"ingredients_section_1_ingredients_repeater_4_value":["1\/4 c. \u00e0. c. "],"ingredients_section_1_ingredients_repeater_5_name":["pinc\u00e9e de poivre"],"ingredients_section_1_ingredients_repeater_5_value":["1"],"ingredients_section_1_ingredients_repeater":["6"],"ingredients_section":["2"],"_thumbnail_id":["15935"]},"_links":{"self":[{"href":"https:\/\/www.assugrin.ch\/fr\/wp-json\/wp\/v2\/recipes\/15936","targetHints":{"allow":["GET"]}}],"collection":[{"href":"https:\/\/www.assugrin.ch\/fr\/wp-json\/wp\/v2\/recipes"}],"about":[{"href":"https:\/\/www.assugrin.ch\/fr\/wp-json\/wp\/v2\/types\/recipes"}],"version-history":[{"count":0,"href":"https:\/\/www.assugrin.ch\/fr\/wp-json\/wp\/v2\/recipes\/15936\/revisions"}],"wp:featuredmedia":[{"embeddable":true,"href":"https:\/\/www.assugrin.ch\/fr\/wp-json\/wp\/v2\/media\/15935"}],"wp:attachment":[{"href":"https:\/\/www.assugrin.ch\/fr\/wp-json\/wp\/v2\/media?parent=15936"}],"wp:term":[{"taxonomy":"post_tag","embeddable":true,"href":"https:\/\/www.assugrin.ch\/fr\/wp-json\/wp\/v2\/tags?post=15936"}],"curies":[{"name":"wp","href":"https:\/\/api.w.org\/{rel}","templated":true}]}}