{"id":15962,"date":"2019-03-27T11:18:19","date_gmt":"2019-03-27T10:18:19","guid":{"rendered":"https:\/\/beta.assugrin.ch\/rezepte\/crepes-aux-airelles\/"},"modified":"2019-03-27T11:25:51","modified_gmt":"2019-03-27T10:25:51","slug":"crepes-aux-airelles","status":"publish","type":"recipes","link":"https:\/\/www.assugrin.ch\/fr\/recettes\/crepes-aux-airelles\/","title":{"rendered":"Cr\u00eapes aux airelles"},"content":{"rendered":"","protected":false},"excerpt":{"rendered":"","protected":false},"featured_media":15961,"template":"","meta":{"_acf_changed":false,"inline_featured_image":false,"kia_subtitle":"","footnotes":""},"tags":[],"class_list":["post-15962","recipes","type-recipes","status-publish","has-post-thumbnail","hentry","categories-desserts-fr","categories-petit-dejeuner","season-toute-l-annee","recipe-product-pulver","preparation_time-60-90-fr"],"acf":[],"yoast_head":"<!-- This site is optimized with the Yoast SEO Premium plugin v24.2 (Yoast SEO v27.5) - https:\/\/yoast.com\/product\/yoast-seo-premium-wordpress\/ -->\n<title>Cr\u00eapes aux airelles | ASSUGRIN<\/title>\n<meta name=\"description\" content=\"Oh l\u00e0 l\u00e0 \u2013 Des cr\u00eapes aux airelles - le chic nordique rencontre ici la cuisine fran\u00e7aise. Quelle association parfaite\u202f! D\u00e9licieux\u202f!\" \/>\n<meta name=\"robots\" content=\"index, follow, max-snippet:-1, max-image-preview:large, max-video-preview:-1\" \/>\n<link rel=\"canonical\" href=\"https:\/\/www.assugrin.ch\/fr\/recettes\/crepes-aux-airelles\/\" \/>\n<meta property=\"og:locale\" content=\"fr_FR\" \/>\n<meta property=\"og:type\" content=\"article\" \/>\n<meta property=\"og:title\" content=\"Cr\u00eapes aux airelles\" \/>\n<meta property=\"og:description\" content=\"Oh l\u00e0 l\u00e0 \u2013 Des cr\u00eapes aux airelles - le chic nordique rencontre ici la cuisine fran\u00e7aise. Quelle association parfaite\u202f! D\u00e9licieux\u202f!\" \/>\n<meta property=\"og:url\" content=\"https:\/\/www.assugrin.ch\/fr\/recettes\/crepes-aux-airelles\/\" \/>\n<meta property=\"og:site_name\" content=\"ASSUGRIN\" \/>\n<meta property=\"article:publisher\" content=\"https:\/\/www.facebook.com\/ASSUGRIN.ch\/\" \/>\n<meta property=\"article:modified_time\" content=\"2019-03-27T10:25:51+00:00\" \/>\n<meta property=\"og:image\" content=\"https:\/\/www.assugrin.ch\/wp-content\/uploads\/2023\/06\/94-crepes-aux-airelles.jpg\" \/>\n<meta name=\"twitter:card\" content=\"summary_large_image\" \/>\n<meta name=\"twitter:image\" content=\"https:\/\/www.assugrin.ch\/wp-content\/uploads\/2023\/06\/94-crepes-aux-airelles.jpg\" \/>\n<script type=\"application\/ld+json\" class=\"yoast-schema-graph\">{\"@context\":\"https:\\\/\\\/schema.org\",\"@graph\":[{\"@type\":\"WebPage\",\"@id\":\"https:\\\/\\\/www.assugrin.ch\\\/fr\\\/recettes\\\/crepes-aux-airelles\\\/\",\"url\":\"https:\\\/\\\/www.assugrin.ch\\\/fr\\\/recettes\\\/crepes-aux-airelles\\\/\",\"name\":\"Cr\u00eapes aux airelles | ASSUGRIN\",\"isPartOf\":{\"@id\":\"https:\\\/\\\/www.assugrin.ch\\\/fr\\\/#website\"},\"primaryImageOfPage\":{\"@id\":\"https:\\\/\\\/www.assugrin.ch\\\/fr\\\/recettes\\\/crepes-aux-airelles\\\/#primaryimage\"},\"image\":{\"@id\":\"https:\\\/\\\/www.assugrin.ch\\\/fr\\\/recettes\\\/crepes-aux-airelles\\\/#primaryimage\"},\"thumbnailUrl\":\"https:\\\/\\\/www.assugrin.ch\\\/wp-content\\\/uploads\\\/2023\\\/06\\\/94-crepes-aux-airelles.jpg\",\"datePublished\":\"2019-03-27T10:18:19+00:00\",\"dateModified\":\"2019-03-27T10:25:51+00:00\",\"description\":\"Oh l\u00e0 l\u00e0 \u2013 Des cr\u00eapes aux airelles - le chic nordique rencontre ici la cuisine fran\u00e7aise. Quelle association parfaite\u202f! D\u00e9licieux\u202f!\",\"breadcrumb\":{\"@id\":\"https:\\\/\\\/www.assugrin.ch\\\/fr\\\/recettes\\\/crepes-aux-airelles\\\/#breadcrumb\"},\"inLanguage\":\"fr-FR\",\"potentialAction\":[{\"@type\":\"ReadAction\",\"target\":[\"https:\\\/\\\/www.assugrin.ch\\\/fr\\\/recettes\\\/crepes-aux-airelles\\\/\"]}]},{\"@type\":\"ImageObject\",\"inLanguage\":\"fr-FR\",\"@id\":\"https:\\\/\\\/www.assugrin.ch\\\/fr\\\/recettes\\\/crepes-aux-airelles\\\/#primaryimage\",\"url\":\"https:\\\/\\\/www.assugrin.ch\\\/wp-content\\\/uploads\\\/2023\\\/06\\\/94-crepes-aux-airelles.jpg\",\"contentUrl\":\"https:\\\/\\\/www.assugrin.ch\\\/wp-content\\\/uploads\\\/2023\\\/06\\\/94-crepes-aux-airelles.jpg\",\"width\":2500,\"height\":1160},{\"@type\":\"BreadcrumbList\",\"@id\":\"https:\\\/\\\/www.assugrin.ch\\\/fr\\\/recettes\\\/crepes-aux-airelles\\\/#breadcrumb\",\"itemListElement\":[{\"@type\":\"ListItem\",\"position\":1,\"name\":\"Accueil\",\"item\":\"https:\\\/\\\/www.assugrin.ch\\\/fr\\\/\"},{\"@type\":\"ListItem\",\"position\":2,\"name\":\"Recettes\",\"item\":\"https:\\\/\\\/www.assugrin.ch\\\/fr\\\/recettes\\\/\"},{\"@type\":\"ListItem\",\"position\":3,\"name\":\"Cr\u00eapes aux airelles\"}]},{\"@type\":\"WebSite\",\"@id\":\"https:\\\/\\\/www.assugrin.ch\\\/fr\\\/#website\",\"url\":\"https:\\\/\\\/www.assugrin.ch\\\/fr\\\/\",\"name\":\"ASSUGRIN\",\"description\":\"Die clevere Art zu S\u00fcssen\",\"publisher\":{\"@id\":\"https:\\\/\\\/www.assugrin.ch\\\/fr\\\/#organization\"},\"potentialAction\":[{\"@type\":\"SearchAction\",\"target\":{\"@type\":\"EntryPoint\",\"urlTemplate\":\"https:\\\/\\\/www.assugrin.ch\\\/fr\\\/?s={search_term_string}\"},\"query-input\":{\"@type\":\"PropertyValueSpecification\",\"valueRequired\":true,\"valueName\":\"search_term_string\"}}],\"inLanguage\":\"fr-FR\"},{\"@type\":\"Organization\",\"@id\":\"https:\\\/\\\/www.assugrin.ch\\\/fr\\\/#organization\",\"name\":\"ASSUGRIN\",\"alternateName\":\"Die clevere Art zu S\u00fcssen\",\"url\":\"https:\\\/\\\/www.assugrin.ch\\\/fr\\\/\",\"logo\":{\"@type\":\"ImageObject\",\"inLanguage\":\"fr-FR\",\"@id\":\"https:\\\/\\\/www.assugrin.ch\\\/fr\\\/#\\\/schema\\\/logo\\\/image\\\/\",\"url\":\"https:\\\/\\\/www.assugrin.ch\\\/wp-content\\\/uploads\\\/2022\\\/12\\\/logo-assugrin-faq.svg\",\"contentUrl\":\"https:\\\/\\\/www.assugrin.ch\\\/wp-content\\\/uploads\\\/2022\\\/12\\\/logo-assugrin-faq.svg\",\"width\":180,\"height\":180,\"caption\":\"ASSUGRIN\"},\"image\":{\"@id\":\"https:\\\/\\\/www.assugrin.ch\\\/fr\\\/#\\\/schema\\\/logo\\\/image\\\/\"},\"sameAs\":[\"https:\\\/\\\/www.facebook.com\\\/ASSUGRIN.ch\\\/\",\"https:\\\/\\\/www.instagram.com\\\/assugrin.ch\"]}]}<\/script>\n<!-- \/ Yoast SEO Premium plugin. -->","yoast_head_json":{"title":"Cr\u00eapes aux airelles | ASSUGRIN","description":"Oh l\u00e0 l\u00e0 \u2013 Des cr\u00eapes aux airelles - le chic nordique rencontre ici la cuisine fran\u00e7aise. Quelle association parfaite\u202f! D\u00e9licieux\u202f!","robots":{"index":"index","follow":"follow","max-snippet":"max-snippet:-1","max-image-preview":"max-image-preview:large","max-video-preview":"max-video-preview:-1"},"canonical":"https:\/\/www.assugrin.ch\/fr\/recettes\/crepes-aux-airelles\/","og_locale":"fr_FR","og_type":"article","og_title":"Cr\u00eapes aux airelles","og_description":"Oh l\u00e0 l\u00e0 \u2013 Des cr\u00eapes aux airelles - le chic nordique rencontre ici la cuisine fran\u00e7aise. Quelle association parfaite\u202f! D\u00e9licieux\u202f!","og_url":"https:\/\/www.assugrin.ch\/fr\/recettes\/crepes-aux-airelles\/","og_site_name":"ASSUGRIN","article_publisher":"https:\/\/www.facebook.com\/ASSUGRIN.ch\/","article_modified_time":"2019-03-27T10:25:51+00:00","og_image":[{"url":"https:\/\/www.assugrin.ch\/wp-content\/uploads\/2023\/06\/94-crepes-aux-airelles.jpg","type":"","width":"","height":""}],"twitter_card":"summary_large_image","twitter_image":"https:\/\/www.assugrin.ch\/wp-content\/uploads\/2023\/06\/94-crepes-aux-airelles.jpg","schema":{"@context":"https:\/\/schema.org","@graph":[{"@type":"WebPage","@id":"https:\/\/www.assugrin.ch\/fr\/recettes\/crepes-aux-airelles\/","url":"https:\/\/www.assugrin.ch\/fr\/recettes\/crepes-aux-airelles\/","name":"Cr\u00eapes aux airelles | ASSUGRIN","isPartOf":{"@id":"https:\/\/www.assugrin.ch\/fr\/#website"},"primaryImageOfPage":{"@id":"https:\/\/www.assugrin.ch\/fr\/recettes\/crepes-aux-airelles\/#primaryimage"},"image":{"@id":"https:\/\/www.assugrin.ch\/fr\/recettes\/crepes-aux-airelles\/#primaryimage"},"thumbnailUrl":"https:\/\/www.assugrin.ch\/wp-content\/uploads\/2023\/06\/94-crepes-aux-airelles.jpg","datePublished":"2019-03-27T10:18:19+00:00","dateModified":"2019-03-27T10:25:51+00:00","description":"Oh l\u00e0 l\u00e0 \u2013 Des cr\u00eapes aux airelles - le chic nordique rencontre ici la cuisine fran\u00e7aise. Quelle association parfaite\u202f! D\u00e9licieux\u202f!","breadcrumb":{"@id":"https:\/\/www.assugrin.ch\/fr\/recettes\/crepes-aux-airelles\/#breadcrumb"},"inLanguage":"fr-FR","potentialAction":[{"@type":"ReadAction","target":["https:\/\/www.assugrin.ch\/fr\/recettes\/crepes-aux-airelles\/"]}]},{"@type":"ImageObject","inLanguage":"fr-FR","@id":"https:\/\/www.assugrin.ch\/fr\/recettes\/crepes-aux-airelles\/#primaryimage","url":"https:\/\/www.assugrin.ch\/wp-content\/uploads\/2023\/06\/94-crepes-aux-airelles.jpg","contentUrl":"https:\/\/www.assugrin.ch\/wp-content\/uploads\/2023\/06\/94-crepes-aux-airelles.jpg","width":2500,"height":1160},{"@type":"BreadcrumbList","@id":"https:\/\/www.assugrin.ch\/fr\/recettes\/crepes-aux-airelles\/#breadcrumb","itemListElement":[{"@type":"ListItem","position":1,"name":"Accueil","item":"https:\/\/www.assugrin.ch\/fr\/"},{"@type":"ListItem","position":2,"name":"Recettes","item":"https:\/\/www.assugrin.ch\/fr\/recettes\/"},{"@type":"ListItem","position":3,"name":"Cr\u00eapes aux airelles"}]},{"@type":"WebSite","@id":"https:\/\/www.assugrin.ch\/fr\/#website","url":"https:\/\/www.assugrin.ch\/fr\/","name":"ASSUGRIN","description":"Die clevere Art zu S\u00fcssen","publisher":{"@id":"https:\/\/www.assugrin.ch\/fr\/#organization"},"potentialAction":[{"@type":"SearchAction","target":{"@type":"EntryPoint","urlTemplate":"https:\/\/www.assugrin.ch\/fr\/?s={search_term_string}"},"query-input":{"@type":"PropertyValueSpecification","valueRequired":true,"valueName":"search_term_string"}}],"inLanguage":"fr-FR"},{"@type":"Organization","@id":"https:\/\/www.assugrin.ch\/fr\/#organization","name":"ASSUGRIN","alternateName":"Die clevere Art zu S\u00fcssen","url":"https:\/\/www.assugrin.ch\/fr\/","logo":{"@type":"ImageObject","inLanguage":"fr-FR","@id":"https:\/\/www.assugrin.ch\/fr\/#\/schema\/logo\/image\/","url":"https:\/\/www.assugrin.ch\/wp-content\/uploads\/2022\/12\/logo-assugrin-faq.svg","contentUrl":"https:\/\/www.assugrin.ch\/wp-content\/uploads\/2022\/12\/logo-assugrin-faq.svg","width":180,"height":180,"caption":"ASSUGRIN"},"image":{"@id":"https:\/\/www.assugrin.ch\/fr\/#\/schema\/logo\/image\/"},"sameAs":["https:\/\/www.facebook.com\/ASSUGRIN.ch\/","https:\/\/www.instagram.com\/assugrin.ch"]}]}},"post_meta":{"recipe_number":["94"],"recipe_summary":["Oh l\u00e0 l\u00e0 \u2013 Des cr\u00eapes aux airelles - le chic nordique rencontre ici la cuisine fran\u00e7aise. Quelle association parfaite\u202f! D\u00e9licieux\u202f!"],"preparation_time":[""],"cooking_time":[""],"perform_time":[""],"total_time":["01:20:00"],"cooking_method":[""],"recipe_cuisine":[""],"recipe_diet":[""],"portions":["8"],"calories":["160"],"kj_recipe":["5376"],"kj_serve":["672"],"kcal_recipe":["1280"],"kcal_serve":["160"],"protein_recipe":["48"],"protein_serve":["6"],"carbohydrates_recipe":["144"],"carbohydrates_serve":["18"],"fat_recipe":["56"],"fat_serve":["7"],"_yoast_wpseo_metadesc":["Oh l\u00e0 l\u00e0 \u2013 Des cr\u00eapes aux airelles - le chic nordique rencontre ici la cuisine fran\u00e7aise. Quelle association parfaite\u202f! D\u00e9licieux\u202f!"],"_yoast_wpseo_opengraph-image":["https:\/\/www.assugrin.ch\/wp-content\/uploads\/2023\/06\/94-crepes-aux-airelles.jpg"],"_yoast_wpseo_opengraph_image_id":["15961"],"_yoast_wpseo_opengraph-description":["Oh l\u00e0 l\u00e0 \u2013 Des cr\u00eapes aux airelles - le chic nordique rencontre ici la cuisine fran\u00e7aise. Quelle association parfaite\u202f! D\u00e9licieux\u202f!"],"_yoast_wpseo_twitter-image":["https:\/\/www.assugrin.ch\/wp-content\/uploads\/2023\/06\/94-crepes-aux-airelles.jpg"],"_yoast_wpseo_twitter_image_id":["15961"],"ingredients_steps_0_ingredients_steps_text":["Versez tous les ingr\u00e9dients pour la confiture d\u2019airelle dans une grande casserole et faites chauffer lentement. Laissez mijoter pour laisser l\u2019humidit\u00e9 s\u2019\u00e9vaporer et la confiture s\u2019\u00e9paissir lentement. \u00c9vitez de trop m\u00e9langer pour ne pas abimer les baies."],"ingredients_steps_1_ingredients_steps_text":["M\u00e9langez la farine de bl\u00e9, le sel et l\u2019Assugrin en poudre dans un saladier.  Versez le lait petit \u00e0 petit dans le saladier tout en fouettant. Continuez jusqu\u2019\u00e0 ce que le lait soit enti\u00e8rement incorpor\u00e9. Ajoutez les \u0153ufs et le beurre puis fouettez."],"ingredients_steps_2_ingredients_steps_text":["Faites fondre une noisette de beurre sur la po\u00eale et faites cuire les cr\u00eapes."],"ingredients_steps":["3"],"ingredients_section_0_ingredients_headline":["Confiture d\u2019airelles :    "],"ingredients_section_0_ingredients_repeater_0_name":["d\u2019airelles surgel\u00e9es"],"ingredients_section_0_ingredients_repeater_0_value":["100 g "],"ingredients_section_0_ingredients_repeater_1_name":["d\u2019Assugrin en poudre"],"ingredients_section_0_ingredients_repeater_1_value":["2 c. \u00e0 c."],"ingredients_section_0_ingredients_repeater_2_name":["d\u2019eau"],"ingredients_section_0_ingredients_repeater_2_value":["1 c. \u00e0 s."],"ingredients_section_0_ingredients_repeater":["3"],"ingredients_section_1_ingredients_headline":["Cr\u00eapes :"],"ingredients_section_1_ingredients_repeater_0_name":["de farine de bl\u00e9 "],"ingredients_section_1_ingredients_repeater_0_value":["200 g "],"ingredients_section_1_ingredients_repeater_1_name":["de sel  "],"ingredients_section_1_ingredients_repeater_1_value":["une pinc\u00e9e "],"ingredients_section_1_ingredients_repeater_2_name":["d\u2019Assugrin en poudre  "],"ingredients_section_1_ingredients_repeater_2_value":["2  c. \u00e0 s. "],"ingredients_section_1_ingredients_repeater_3_name":["de lait entier  "],"ingredients_section_1_ingredients_repeater_3_value":["500 ml"],"ingredients_section_1_ingredients_repeater_4_name":["\u0153ufs  "],"ingredients_section_1_ingredients_repeater_4_value":["3"],"ingredients_section_1_ingredients_repeater_5_name":["de beurre fondu  "],"ingredients_section_1_ingredients_repeater_5_value":["30 g"],"ingredients_section_1_ingredients_repeater_6_name":["de beurre pour la po\u00eale  "],"ingredients_section_1_ingredients_repeater_6_value":["un peu"],"ingredients_section_1_ingredients_repeater":["7"],"ingredients_section":["2"],"_thumbnail_id":["15961"]},"_links":{"self":[{"href":"https:\/\/www.assugrin.ch\/fr\/wp-json\/wp\/v2\/recipes\/15962","targetHints":{"allow":["GET"]}}],"collection":[{"href":"https:\/\/www.assugrin.ch\/fr\/wp-json\/wp\/v2\/recipes"}],"about":[{"href":"https:\/\/www.assugrin.ch\/fr\/wp-json\/wp\/v2\/types\/recipes"}],"version-history":[{"count":0,"href":"https:\/\/www.assugrin.ch\/fr\/wp-json\/wp\/v2\/recipes\/15962\/revisions"}],"wp:featuredmedia":[{"embeddable":true,"href":"https:\/\/www.assugrin.ch\/fr\/wp-json\/wp\/v2\/media\/15961"}],"wp:attachment":[{"href":"https:\/\/www.assugrin.ch\/fr\/wp-json\/wp\/v2\/media?parent=15962"}],"wp:term":[{"taxonomy":"post_tag","embeddable":true,"href":"https:\/\/www.assugrin.ch\/fr\/wp-json\/wp\/v2\/tags?post=15962"}],"curies":[{"name":"wp","href":"https:\/\/api.w.org\/{rel}","templated":true}]}}