{"id":15996,"date":"2019-04-26T10:08:31","date_gmt":"2019-04-26T08:08:31","guid":{"rendered":"https:\/\/beta.assugrin.ch\/rezepte\/macarons\/"},"modified":"2019-04-26T10:19:15","modified_gmt":"2019-04-26T08:19:15","slug":"macarons","status":"publish","type":"recipes","link":"https:\/\/www.assugrin.ch\/fr\/recettes\/macarons\/","title":{"rendered":"Macarons"},"content":{"rendered":"","protected":false},"excerpt":{"rendered":"","protected":false},"featured_media":15995,"template":"","meta":{"_acf_changed":false,"inline_featured_image":false,"kia_subtitle":"","footnotes":""},"tags":[],"class_list":["post-15996","recipes","type-recipes","status-publish","has-post-thumbnail","hentry","categories-recettes-a-cuire","season-l-hiver","season-toute-l-annee","season-vacances","recipe-product-assugrin-original-en-poudre","preparation_time-30-60-min-fr"],"acf":[],"yoast_head":"<!-- This site is optimized with the Yoast SEO Premium plugin v24.2 (Yoast SEO v27.5) - https:\/\/yoast.com\/product\/yoast-seo-premium-wordpress\/ -->\n<title>Macarons | ASSUGRIN<\/title>\n<meta name=\"description\" content=\"Ces macarons croquants d\u00e9veloppent en bouche de puissants ar\u00f4mes de noix de coco et d\u2019amandes. Qui saurait y r\u00e9sister?\" \/>\n<meta name=\"robots\" content=\"index, follow, max-snippet:-1, max-image-preview:large, max-video-preview:-1\" \/>\n<link rel=\"canonical\" href=\"https:\/\/www.assugrin.ch\/fr\/recettes\/macarons\/\" \/>\n<meta property=\"og:locale\" content=\"fr_FR\" \/>\n<meta property=\"og:type\" content=\"article\" \/>\n<meta property=\"og:title\" content=\"Macarons\" \/>\n<meta property=\"og:description\" content=\"Ces macarons croquants d\u00e9veloppent en bouche de puissants ar\u00f4mes de noix de coco et d\u2019amandes. Qui saurait y r\u00e9sister?\" \/>\n<meta property=\"og:url\" content=\"https:\/\/www.assugrin.ch\/fr\/recettes\/macarons\/\" \/>\n<meta property=\"og:site_name\" content=\"ASSUGRIN\" \/>\n<meta property=\"article:publisher\" content=\"https:\/\/www.facebook.com\/ASSUGRIN.ch\/\" \/>\n<meta property=\"article:modified_time\" content=\"2019-04-26T08:19:15+00:00\" \/>\n<meta property=\"og:image\" content=\"https:\/\/www.assugrin.ch\/wp-content\/uploads\/2023\/06\/37-mandel-makronen-1.jpg\" \/>\n<meta name=\"twitter:card\" content=\"summary_large_image\" \/>\n<meta name=\"twitter:image\" content=\"https:\/\/www.assugrin.ch\/wp-content\/uploads\/2023\/06\/37-mandel-makronen-1.jpg\" \/>\n<script type=\"application\/ld+json\" class=\"yoast-schema-graph\">{\"@context\":\"https:\\\/\\\/schema.org\",\"@graph\":[{\"@type\":\"WebPage\",\"@id\":\"https:\\\/\\\/www.assugrin.ch\\\/fr\\\/recettes\\\/macarons\\\/\",\"url\":\"https:\\\/\\\/www.assugrin.ch\\\/fr\\\/recettes\\\/macarons\\\/\",\"name\":\"Macarons | ASSUGRIN\",\"isPartOf\":{\"@id\":\"https:\\\/\\\/www.assugrin.ch\\\/fr\\\/#website\"},\"primaryImageOfPage\":{\"@id\":\"https:\\\/\\\/www.assugrin.ch\\\/fr\\\/recettes\\\/macarons\\\/#primaryimage\"},\"image\":{\"@id\":\"https:\\\/\\\/www.assugrin.ch\\\/fr\\\/recettes\\\/macarons\\\/#primaryimage\"},\"thumbnailUrl\":\"https:\\\/\\\/www.assugrin.ch\\\/wp-content\\\/uploads\\\/2023\\\/06\\\/37-mandel-makronen-1.jpg\",\"datePublished\":\"2019-04-26T08:08:31+00:00\",\"dateModified\":\"2019-04-26T08:19:15+00:00\",\"description\":\"Ces macarons croquants d\u00e9veloppent en bouche de puissants ar\u00f4mes de noix de coco et d\u2019amandes. Qui saurait y r\u00e9sister?\",\"breadcrumb\":{\"@id\":\"https:\\\/\\\/www.assugrin.ch\\\/fr\\\/recettes\\\/macarons\\\/#breadcrumb\"},\"inLanguage\":\"fr-FR\",\"potentialAction\":[{\"@type\":\"ReadAction\",\"target\":[\"https:\\\/\\\/www.assugrin.ch\\\/fr\\\/recettes\\\/macarons\\\/\"]}]},{\"@type\":\"ImageObject\",\"inLanguage\":\"fr-FR\",\"@id\":\"https:\\\/\\\/www.assugrin.ch\\\/fr\\\/recettes\\\/macarons\\\/#primaryimage\",\"url\":\"https:\\\/\\\/www.assugrin.ch\\\/wp-content\\\/uploads\\\/2023\\\/06\\\/37-mandel-makronen-1.jpg\",\"contentUrl\":\"https:\\\/\\\/www.assugrin.ch\\\/wp-content\\\/uploads\\\/2023\\\/06\\\/37-mandel-makronen-1.jpg\",\"width\":2500,\"height\":1160},{\"@type\":\"BreadcrumbList\",\"@id\":\"https:\\\/\\\/www.assugrin.ch\\\/fr\\\/recettes\\\/macarons\\\/#breadcrumb\",\"itemListElement\":[{\"@type\":\"ListItem\",\"position\":1,\"name\":\"Accueil\",\"item\":\"https:\\\/\\\/www.assugrin.ch\\\/fr\\\/\"},{\"@type\":\"ListItem\",\"position\":2,\"name\":\"Recettes\",\"item\":\"https:\\\/\\\/www.assugrin.ch\\\/fr\\\/recettes\\\/\"},{\"@type\":\"ListItem\",\"position\":3,\"name\":\"Macarons\"}]},{\"@type\":\"WebSite\",\"@id\":\"https:\\\/\\\/www.assugrin.ch\\\/fr\\\/#website\",\"url\":\"https:\\\/\\\/www.assugrin.ch\\\/fr\\\/\",\"name\":\"ASSUGRIN\",\"description\":\"Die clevere Art zu S\u00fcssen\",\"publisher\":{\"@id\":\"https:\\\/\\\/www.assugrin.ch\\\/fr\\\/#organization\"},\"potentialAction\":[{\"@type\":\"SearchAction\",\"target\":{\"@type\":\"EntryPoint\",\"urlTemplate\":\"https:\\\/\\\/www.assugrin.ch\\\/fr\\\/?s={search_term_string}\"},\"query-input\":{\"@type\":\"PropertyValueSpecification\",\"valueRequired\":true,\"valueName\":\"search_term_string\"}}],\"inLanguage\":\"fr-FR\"},{\"@type\":\"Organization\",\"@id\":\"https:\\\/\\\/www.assugrin.ch\\\/fr\\\/#organization\",\"name\":\"ASSUGRIN\",\"alternateName\":\"Die clevere Art zu S\u00fcssen\",\"url\":\"https:\\\/\\\/www.assugrin.ch\\\/fr\\\/\",\"logo\":{\"@type\":\"ImageObject\",\"inLanguage\":\"fr-FR\",\"@id\":\"https:\\\/\\\/www.assugrin.ch\\\/fr\\\/#\\\/schema\\\/logo\\\/image\\\/\",\"url\":\"https:\\\/\\\/www.assugrin.ch\\\/wp-content\\\/uploads\\\/2022\\\/12\\\/logo-assugrin-faq.svg\",\"contentUrl\":\"https:\\\/\\\/www.assugrin.ch\\\/wp-content\\\/uploads\\\/2022\\\/12\\\/logo-assugrin-faq.svg\",\"width\":180,\"height\":180,\"caption\":\"ASSUGRIN\"},\"image\":{\"@id\":\"https:\\\/\\\/www.assugrin.ch\\\/fr\\\/#\\\/schema\\\/logo\\\/image\\\/\"},\"sameAs\":[\"https:\\\/\\\/www.facebook.com\\\/ASSUGRIN.ch\\\/\",\"https:\\\/\\\/www.instagram.com\\\/assugrin.ch\"]}]}<\/script>\n<!-- \/ Yoast SEO Premium plugin. -->","yoast_head_json":{"title":"Macarons | ASSUGRIN","description":"Ces macarons croquants d\u00e9veloppent en bouche de puissants ar\u00f4mes de noix de coco et d\u2019amandes. Qui saurait y r\u00e9sister?","robots":{"index":"index","follow":"follow","max-snippet":"max-snippet:-1","max-image-preview":"max-image-preview:large","max-video-preview":"max-video-preview:-1"},"canonical":"https:\/\/www.assugrin.ch\/fr\/recettes\/macarons\/","og_locale":"fr_FR","og_type":"article","og_title":"Macarons","og_description":"Ces macarons croquants d\u00e9veloppent en bouche de puissants ar\u00f4mes de noix de coco et d\u2019amandes. Qui saurait y r\u00e9sister?","og_url":"https:\/\/www.assugrin.ch\/fr\/recettes\/macarons\/","og_site_name":"ASSUGRIN","article_publisher":"https:\/\/www.facebook.com\/ASSUGRIN.ch\/","article_modified_time":"2019-04-26T08:19:15+00:00","og_image":[{"url":"https:\/\/www.assugrin.ch\/wp-content\/uploads\/2023\/06\/37-mandel-makronen-1.jpg","type":"","width":"","height":""}],"twitter_card":"summary_large_image","twitter_image":"https:\/\/www.assugrin.ch\/wp-content\/uploads\/2023\/06\/37-mandel-makronen-1.jpg","schema":{"@context":"https:\/\/schema.org","@graph":[{"@type":"WebPage","@id":"https:\/\/www.assugrin.ch\/fr\/recettes\/macarons\/","url":"https:\/\/www.assugrin.ch\/fr\/recettes\/macarons\/","name":"Macarons | ASSUGRIN","isPartOf":{"@id":"https:\/\/www.assugrin.ch\/fr\/#website"},"primaryImageOfPage":{"@id":"https:\/\/www.assugrin.ch\/fr\/recettes\/macarons\/#primaryimage"},"image":{"@id":"https:\/\/www.assugrin.ch\/fr\/recettes\/macarons\/#primaryimage"},"thumbnailUrl":"https:\/\/www.assugrin.ch\/wp-content\/uploads\/2023\/06\/37-mandel-makronen-1.jpg","datePublished":"2019-04-26T08:08:31+00:00","dateModified":"2019-04-26T08:19:15+00:00","description":"Ces macarons croquants d\u00e9veloppent en bouche de puissants ar\u00f4mes de noix de coco et d\u2019amandes. Qui saurait y r\u00e9sister?","breadcrumb":{"@id":"https:\/\/www.assugrin.ch\/fr\/recettes\/macarons\/#breadcrumb"},"inLanguage":"fr-FR","potentialAction":[{"@type":"ReadAction","target":["https:\/\/www.assugrin.ch\/fr\/recettes\/macarons\/"]}]},{"@type":"ImageObject","inLanguage":"fr-FR","@id":"https:\/\/www.assugrin.ch\/fr\/recettes\/macarons\/#primaryimage","url":"https:\/\/www.assugrin.ch\/wp-content\/uploads\/2023\/06\/37-mandel-makronen-1.jpg","contentUrl":"https:\/\/www.assugrin.ch\/wp-content\/uploads\/2023\/06\/37-mandel-makronen-1.jpg","width":2500,"height":1160},{"@type":"BreadcrumbList","@id":"https:\/\/www.assugrin.ch\/fr\/recettes\/macarons\/#breadcrumb","itemListElement":[{"@type":"ListItem","position":1,"name":"Accueil","item":"https:\/\/www.assugrin.ch\/fr\/"},{"@type":"ListItem","position":2,"name":"Recettes","item":"https:\/\/www.assugrin.ch\/fr\/recettes\/"},{"@type":"ListItem","position":3,"name":"Macarons"}]},{"@type":"WebSite","@id":"https:\/\/www.assugrin.ch\/fr\/#website","url":"https:\/\/www.assugrin.ch\/fr\/","name":"ASSUGRIN","description":"Die clevere Art zu S\u00fcssen","publisher":{"@id":"https:\/\/www.assugrin.ch\/fr\/#organization"},"potentialAction":[{"@type":"SearchAction","target":{"@type":"EntryPoint","urlTemplate":"https:\/\/www.assugrin.ch\/fr\/?s={search_term_string}"},"query-input":{"@type":"PropertyValueSpecification","valueRequired":true,"valueName":"search_term_string"}}],"inLanguage":"fr-FR"},{"@type":"Organization","@id":"https:\/\/www.assugrin.ch\/fr\/#organization","name":"ASSUGRIN","alternateName":"Die clevere Art zu S\u00fcssen","url":"https:\/\/www.assugrin.ch\/fr\/","logo":{"@type":"ImageObject","inLanguage":"fr-FR","@id":"https:\/\/www.assugrin.ch\/fr\/#\/schema\/logo\/image\/","url":"https:\/\/www.assugrin.ch\/wp-content\/uploads\/2022\/12\/logo-assugrin-faq.svg","contentUrl":"https:\/\/www.assugrin.ch\/wp-content\/uploads\/2022\/12\/logo-assugrin-faq.svg","width":180,"height":180,"caption":"ASSUGRIN"},"image":{"@id":"https:\/\/www.assugrin.ch\/fr\/#\/schema\/logo\/image\/"},"sameAs":["https:\/\/www.facebook.com\/ASSUGRIN.ch\/","https:\/\/www.instagram.com\/assugrin.ch"]}]}},"post_meta":{"recipe_number":["37"],"recipe_summary":[""],"preparation_time":[""],"cooking_time":["00:15:00"],"perform_time":[""],"total_time":["00:50:00"],"cooking_method":[""],"recipe_cuisine":[""],"recipe_diet":[""],"portions":["10"],"calories":["78"],"kj_recipe":["3246"],"kj_serve":["325"],"kcal_recipe":["775"],"kcal_serve":["78"],"protein_recipe":["36.3"],"protein_serve":["3.6"],"carbohydrates_recipe":["11"],"carbohydrates_serve":["1.1"],"fat_recipe":["66"],"fat_serve":["6.6"],"_yoast_wpseo_metadesc":["Ces macarons croquants d\u00e9veloppent en bouche de puissants ar\u00f4mes de noix de coco et d\u2019amandes. Qui saurait y r\u00e9sister?"],"_yoast_wpseo_opengraph-image":["https:\/\/www.assugrin.ch\/wp-content\/uploads\/2023\/06\/37-mandel-makronen-1.jpg"],"_yoast_wpseo_opengraph_image_id":["15995"],"_yoast_wpseo_opengraph-description":["Ces macarons croquants d\u00e9veloppent en bouche de puissants ar\u00f4mes de noix de coco et d\u2019amandes. Qui saurait y r\u00e9sister?"],"_yoast_wpseo_twitter-image":["https:\/\/www.assugrin.ch\/wp-content\/uploads\/2023\/06\/37-mandel-makronen-1.jpg"],"_yoast_wpseo_twitter_image_id":["15995"],"ingredients_steps_0_ingredients_steps_text":["Pr\u00e9chauffez le four \u00e0 180\u00b0C."],"ingredients_steps_1_ingredients_steps_text":["M\u00e9langez la poudre d\u00b4amandes, la noix de coco et l\u00b4Assugrin en poudre dans un saladier. Battez l\u00e9g\u00e8rement les blancs d\u00b4\u0153ufs puis incorporez-les progressivement au m\u00e9lange pr\u00e9c\u00e9dent et battez le tout avec l\u00b4eau pour obtenir une pr\u00e9paration homog\u00e8ne et assez ferme. Chemisez une plaque de cuisson de papier de riz et formez les macarons avec cette p\u00e2te \u00e0 l\u00b4aide d\u00b4une cuill\u00e8re \u00e0 caf\u00e9. D\u00e9corez chacun d\u00b4eux avec une amande et faites cuire environ 15 minutes ou jusqu\u00b4\u00e0 ce qu\u00b4ils soient fermes et dor\u00e9s."],"ingredients_steps_2_ingredients_steps_text":["Laissez refroidir pendant quelques minutes, disposez-les sur une grille, enlevez le papier de riz superflu et laissez refroidir compl\u00e8tement. "],"ingredients_steps_3_ingredients_steps_text":["Note pour la cong\u00e9lation: ces macarons peuvent se stocker dans un r\u00e9cipient rigide pendant 2 semaines. Laissez d\u00e9congeler pendant 2 heures avant de servir."],"ingredients_steps":["4"],"ingredients_section_0_ingredients_headline":[""],"ingredients_section_0_ingredients_repeater_0_name":["de poudre d\u00b4amandes"],"ingredients_section_0_ingredients_repeater_0_value":["75 g"],"ingredients_section_0_ingredients_repeater_1_name":["de noix de coco r\u00e2p\u00e9e"],"ingredients_section_0_ingredients_repeater_1_value":["25 g"],"ingredients_section_0_ingredients_repeater_2_name":["d\u00b4Assugrin en poudre"],"ingredients_section_0_ingredients_repeater_2_value":["10 c. \u00e0 s."],"ingredients_section_0_ingredients_repeater_3_name":["blancs d\u00b4\u0153ufs"],"ingredients_section_0_ingredients_repeater_3_value":["2"],"ingredients_section_0_ingredients_repeater_4_name":["d'eau"],"ingredients_section_0_ingredients_repeater_4_value":["2 c. \u00e0 s."],"ingredients_section_0_ingredients_repeater_5_name":["d\u00b4essence d\u00b4amandes"],"ingredients_section_0_ingredients_repeater_5_value":["1\/4 c. \u00e0 c."],"ingredients_section_0_ingredients_repeater_6_name":["amandes \u00e9mond\u00e9es"],"ingredients_section_0_ingredients_repeater_6_value":["12"],"ingredients_section_0_ingredients_repeater":["7"],"ingredients_section":["1"],"_thumbnail_id":["15995"],"_wpml_media_duplicate":["1"],"_wpml_media_featured":["1"]},"_links":{"self":[{"href":"https:\/\/www.assugrin.ch\/fr\/wp-json\/wp\/v2\/recipes\/15996","targetHints":{"allow":["GET"]}}],"collection":[{"href":"https:\/\/www.assugrin.ch\/fr\/wp-json\/wp\/v2\/recipes"}],"about":[{"href":"https:\/\/www.assugrin.ch\/fr\/wp-json\/wp\/v2\/types\/recipes"}],"version-history":[{"count":0,"href":"https:\/\/www.assugrin.ch\/fr\/wp-json\/wp\/v2\/recipes\/15996\/revisions"}],"wp:featuredmedia":[{"embeddable":true,"href":"https:\/\/www.assugrin.ch\/fr\/wp-json\/wp\/v2\/media\/15995"}],"wp:attachment":[{"href":"https:\/\/www.assugrin.ch\/fr\/wp-json\/wp\/v2\/media?parent=15996"}],"wp:term":[{"taxonomy":"post_tag","embeddable":true,"href":"https:\/\/www.assugrin.ch\/fr\/wp-json\/wp\/v2\/tags?post=15996"}],"curies":[{"name":"wp","href":"https:\/\/api.w.org\/{rel}","templated":true}]}}